{"id":232,"date":"2020-12-12T13:00:58","date_gmt":"2020-12-12T16:00:58","guid":{"rendered":"http:\/\/edi.ubiobio.cl\/?page_id=232"},"modified":"2020-12-13T13:11:36","modified_gmt":"2020-12-13T16:11:36","slug":"archivo-de-noticias","status":"publish","type":"page","link":"https:\/\/edi.ubiobio.cl\/?page_id=232","title":{"rendered":"ARCHIVO DE NOTICIAS"},"content":{"rendered":"<div class=\"fusion-fullwidth fullwidth-box fusion-builder-row-1 fusion-flex-container nonhundred-percent-fullwidth non-hundred-percent-height-scrolling\" style=\"background-color: rgba(255,255,255,0);background-position: center center;background-repeat: no-repeat;border-width: 0px 0px 0px 0px;border-color:#e2e2e2;border-style:solid;\" ><div class=\"fusion-builder-row fusion-row fusion-flex-align-items-flex-start\" style=\"max-width:1248px;margin-left: calc(-4% \/ 2 );margin-right: calc(-4% \/ 2 );\"><div class=\"fusion-layout-column fusion_builder_column fusion-builder-column-0 fusion_builder_column_1_1 1_1 fusion-flex-column\"><div class=\"fusion-column-wrapper fusion-flex-justify-content-flex-start fusion-content-layout-column\" style=\"background-position:left top;background-repeat:no-repeat;-webkit-background-size:cover;-moz-background-size:cover;-o-background-size:cover;background-size:cover;padding: 0px 0px 0px 0px;\"><div class=\"fusion-blog-shortcode fusion-blog-shortcode-1 fusion-blog-archive fusion-blog-layout-medium-alternate fusion-blog-pagination\"><div class=\"fusion-posts-container fusion-posts-container-pagination fusion-blog-rollover\" data-pages=\"4\"><article id=\"blog-1-post-684\" class=\"fusion-post-medium-alternate post-684 post type-post status-publish format-standard has-post-thumbnail hentry category-noticias\">\n<div class=\"fusion-date-and-formats\"><div class=\"fusion-date-box updated\"><span class=\"fusion-date\">19<\/span><span class=\"fusion-month-year\">10, 2021<\/span><\/div><div class=\"fusion-format-box\"><i class=\"awb-icon-pen\" aria-hidden=\"true\"><\/i><\/div><\/div>\t<style type=\"text\/css\">\n\t\t\n\t\t\n\t\t\n\t\t\n\t\t\t<\/style>\n\n\n\t\t\t<div class=\"fusion-flexslider flexslider fusion-flexslider-loading fusion-post-slideshow\" style=\"\">\n\t\t<ul class=\"slides\">\n\t\t\t\n\t\t\t\t\t\t\t\t\t\t\t\t\t\t<li><div  class=\"fusion-image-wrapper fusion-image-size-fixed\" aria-haspopup=\"true\">\n\t\t\t\t  <img width=\"320\" height=\"202\" src=\"https:\/\/edi.ubiobio.cl\/wp-content\/uploads\/2021\/10\/aaa-320x202.jpg\" class=\"attachment-blog-medium size-blog-medium wp-post-image\" alt=\"\" srcset=\"https:\/\/edi.ubiobio.cl\/wp-content\/uploads\/2021\/10\/aaa-320x202.jpg 320w, https:\/\/edi.ubiobio.cl\/wp-content\/uploads\/2021\/10\/aaa-700x441.jpg 700w\" sizes=\"(max-width: 320px) 100vw, 320px\" \/><div class=\"fusion-rollover\">\n\t<div class=\"fusion-rollover-content\">\n\n\t\t\t\t\t\t\t\t\t\t\t\t\t\t<a class=\"fusion-rollover-link\" href=\"https:\/\/edi.ubiobio.cl\/?p=684\">La Escuela de Dise\u00f1o Industrial inici\u00f3 proceso de clases h\u00edbridas<\/a>\n\t\t\t\n\t\t\t\t\t\t\t\t\n\t\t\n\t\t\t\t\t\t\t\t\n\t\t\t\t\t\t\t\t\n\t\t\n\t\t\t\t\t\t<a class=\"fusion-link-wrapper\" href=\"https:\/\/edi.ubiobio.cl\/?p=684\" aria-label=\"La Escuela de Dise\u00f1o Industrial inici\u00f3 proceso de clases h\u00edbridas\"><\/a>\n\t<\/div>\n<\/div>\n<\/div>\n<\/li>\n\t\t\t\n\t\t\t\n\t\t\t\t\t\t\t\t\t\t\t\t\t\t\t\t\t\t\t\t\t\t\t\t\t\t\t\t\t\t\t\t\t\t\t\t\t\t\t\t\t\t\t\t\t\t\t\t\t\t\t\t\t\t\t\t\t\t\t\t\t\t\t\t\t\t\t\t<\/ul>\n\t<\/div>\n\t<div class=\"fusion-post-content post-content\"><h2 class=\"blog-shortcode-post-title entry-title\"><a href=\"https:\/\/edi.ubiobio.cl\/?p=684\">La Escuela de Dise\u00f1o Industrial inici\u00f3 proceso de clases h\u00edbridas<\/a><\/h2><p class=\"fusion-single-line-meta\">By <span class=\"vcard\"><span class=\"fn\"><a href=\"https:\/\/edi.ubiobio.cl\/?author=1\" title=\"Entradas de ediadm\" rel=\"author\">ediadm<\/a><\/span><\/span><span class=\"fusion-inline-sep\">|<\/span><span class=\"updated\" style=\"display:none;\">2021-10-19T18:40:59-03:00<\/span><span>2021-10-19<\/span><span class=\"fusion-inline-sep\">|<\/span>Categories: <a href=\"https:\/\/edi.ubiobio.cl\/?cat=7\" rel=\"category\">Noticias<\/a><span class=\"fusion-inline-sep\">|<\/span><\/p><div class=\"fusion-post-content-container\"><p>La Escuela de Dise\u00f1o Industrial de nuestra facultad inici\u00f3 el proceso de las clases h\u00edbridas, implementando un protocolo sanitario, consistente en la instalaci\u00f3n de se\u00f1al\u00e9ticas, redistribuci\u00f3n de espacios e higienizaci\u00f3n constante [...]<\/p><\/div><\/div><div class=\"fusion-clearfix\"><\/div><\/article>\n<article id=\"blog-1-post-634\" class=\"fusion-post-medium-alternate post-634 post type-post status-publish format-standard has-post-thumbnail hentry category-noticias\">\n<div class=\"fusion-date-and-formats\"><div class=\"fusion-date-box updated\"><span class=\"fusion-date\">7<\/span><span class=\"fusion-month-year\">09, 2021<\/span><\/div><div class=\"fusion-format-box\"><i class=\"awb-icon-pen\" aria-hidden=\"true\"><\/i><\/div><\/div>\t<style type=\"text\/css\">\n\t\t\n\t\t\n\t\t\n\t\t\n\t\t\t<\/style>\n\n\n\t\t\t<div class=\"fusion-flexslider flexslider fusion-flexslider-loading fusion-post-slideshow\" style=\"\">\n\t\t<ul class=\"slides\">\n\t\t\t\n\t\t\t\t\t\t\t\t\t\t\t\t\t\t<li><div  class=\"fusion-image-wrapper fusion-image-size-fixed\" aria-haspopup=\"true\">\n\t\t\t\t  <img width=\"320\" height=\"202\" src=\"https:\/\/edi.ubiobio.cl\/wp-content\/uploads\/2021\/09\/portada-expocorma-320x202.png\" class=\"attachment-blog-medium size-blog-medium wp-post-image\" alt=\"\" srcset=\"https:\/\/edi.ubiobio.cl\/wp-content\/uploads\/2021\/09\/portada-expocorma-320x202.png 320w, https:\/\/edi.ubiobio.cl\/wp-content\/uploads\/2021\/09\/portada-expocorma-700x441.png 700w\" sizes=\"(max-width: 320px) 100vw, 320px\" \/><div class=\"fusion-rollover\">\n\t<div class=\"fusion-rollover-content\">\n\n\t\t\t\t\t\t\t\t\t\t\t\t\t\t<a class=\"fusion-rollover-link\" href=\"https:\/\/edi.ubiobio.cl\/?p=634\">Estudiantes de la Escuela de Dise\u00f1o Industrial participan del concurso Semana de la Madera de CORMA<\/a>\n\t\t\t\n\t\t\t\t\t\t\t\t\n\t\t\n\t\t\t\t\t\t\t\t\n\t\t\t\t\t\t\t\t\n\t\t\n\t\t\t\t\t\t<a class=\"fusion-link-wrapper\" href=\"https:\/\/edi.ubiobio.cl\/?p=634\" aria-label=\"Estudiantes de la Escuela de Dise\u00f1o Industrial participan del concurso Semana de la Madera de CORMA\"><\/a>\n\t<\/div>\n<\/div>\n<\/div>\n<\/li>\n\t\t\t\n\t\t\t\n\t\t\t\t\t\t\t\t\t\t\t\t\t\t\t\t\t\t\t\t\t\t\t\t\t\t\t\t\t\t\t\t\t\t\t\t\t\t\t\t\t\t\t\t\t\t\t\t\t\t\t\t\t\t\t\t\t\t\t\t\t\t\t\t\t\t\t\t<\/ul>\n\t<\/div>\n\t<div class=\"fusion-post-content post-content\"><h2 class=\"blog-shortcode-post-title entry-title\"><a href=\"https:\/\/edi.ubiobio.cl\/?p=634\">Estudiantes de la Escuela de Dise\u00f1o Industrial participan del concurso Semana de la Madera de CORMA<\/a><\/h2><p class=\"fusion-single-line-meta\">By <span class=\"vcard\"><span class=\"fn\"><a href=\"https:\/\/edi.ubiobio.cl\/?author=1\" title=\"Entradas de ediadm\" rel=\"author\">ediadm<\/a><\/span><\/span><span class=\"fusion-inline-sep\">|<\/span><span class=\"updated\" style=\"display:none;\">2021-09-07T20:12:57-03:00<\/span><span>2021-09-07<\/span><span class=\"fusion-inline-sep\">|<\/span>Categories: <a href=\"https:\/\/edi.ubiobio.cl\/?cat=7\" rel=\"category\">Noticias<\/a><span class=\"fusion-inline-sep\">|<\/span><\/p><div class=\"fusion-post-content-container\"><p>Un grupo de estudiantes de la Escuela de Dise\u00f1o Industrial (EDI) de nuestra facultad son invitados a desarrollar un proyecto relacionado con: \u201cDise\u00f1o en madera en la nueva realidad: productos de [...]<\/p><\/div><\/div><div class=\"fusion-clearfix\"><\/div><\/article>\n<article id=\"blog-1-post-620\" class=\"fusion-post-medium-alternate post-620 post type-post status-publish format-standard has-post-thumbnail hentry category-noticias\">\n<div class=\"fusion-date-and-formats\"><div class=\"fusion-date-box updated\"><span class=\"fusion-date\">24<\/span><span class=\"fusion-month-year\">08, 2021<\/span><\/div><div class=\"fusion-format-box\"><i class=\"awb-icon-pen\" aria-hidden=\"true\"><\/i><\/div><\/div>\t<style type=\"text\/css\">\n\t\t\n\t\t\n\t\t\n\t\t\n\t\t\t<\/style>\n\n\n\t\t\t<div class=\"fusion-flexslider flexslider fusion-flexslider-loading fusion-post-slideshow\" style=\"\">\n\t\t<ul class=\"slides\">\n\t\t\t\n\t\t\t\t\t\t\t\t\t\t\t\t\t\t<li><div  class=\"fusion-image-wrapper fusion-image-size-fixed\" aria-haspopup=\"true\">\n\t\t\t\t  <img width=\"320\" height=\"202\" src=\"https:\/\/edi.ubiobio.cl\/wp-content\/uploads\/2021\/08\/vergel-320x202.jpg\" class=\"attachment-blog-medium size-blog-medium wp-post-image\" alt=\"\" srcset=\"https:\/\/edi.ubiobio.cl\/wp-content\/uploads\/2021\/08\/vergel-320x202.jpg 320w, https:\/\/edi.ubiobio.cl\/wp-content\/uploads\/2021\/08\/vergel-700x441.jpg 700w\" sizes=\"(max-width: 320px) 100vw, 320px\" \/><div class=\"fusion-rollover\">\n\t<div class=\"fusion-rollover-content\">\n\n\t\t\t\t\t\t\t\t\t\t\t\t\t\t<a class=\"fusion-rollover-link\" href=\"https:\/\/edi.ubiobio.cl\/?p=620\">VERGEL: Herramienta de jardiner\u00eda para adultos mayores, por Pamela Salazar Ram\u00edrez<\/a>\n\t\t\t\n\t\t\t\t\t\t\t\t\n\t\t\n\t\t\t\t\t\t\t\t\n\t\t\t\t\t\t\t\t\n\t\t\n\t\t\t\t\t\t<a class=\"fusion-link-wrapper\" href=\"https:\/\/edi.ubiobio.cl\/?p=620\" aria-label=\"VERGEL: Herramienta de jardiner\u00eda para adultos mayores, por Pamela Salazar Ram\u00edrez\"><\/a>\n\t<\/div>\n<\/div>\n<\/div>\n<\/li>\n\t\t\t\n\t\t\t\n\t\t\t\t\t\t\t\t\t\t\t\t\t\t\t\t\t\t\t\t\t\t\t\t\t\t\t\t\t\t\t\t\t\t\t\t\t\t\t\t\t\t\t\t\t\t\t\t\t\t\t\t\t\t\t\t\t\t\t\t\t\t\t\t\t\t\t\t<\/ul>\n\t<\/div>\n\t<div class=\"fusion-post-content post-content\"><h2 class=\"blog-shortcode-post-title entry-title\"><a href=\"https:\/\/edi.ubiobio.cl\/?p=620\">VERGEL: Herramienta de jardiner\u00eda para adultos mayores, por Pamela Salazar Ram\u00edrez<\/a><\/h2><p class=\"fusion-single-line-meta\">By <span class=\"vcard\"><span class=\"fn\"><a href=\"https:\/\/edi.ubiobio.cl\/?author=1\" title=\"Entradas de ediadm\" rel=\"author\">ediadm<\/a><\/span><\/span><span class=\"fusion-inline-sep\">|<\/span><span class=\"updated\" style=\"display:none;\">2021-08-28T12:20:25-04:00<\/span><span>2021-08-24<\/span><span class=\"fusion-inline-sep\">|<\/span>Categories: <a href=\"https:\/\/edi.ubiobio.cl\/?cat=7\" rel=\"category\">Noticias<\/a><span class=\"fusion-inline-sep\">|<\/span><\/p><div class=\"fusion-post-content-container\"><p> Proyecto elaborado por Pamela Salazar Ram\u00edrez para t\u00edtulo de Dise\u00f1adora Industrial UBB 2020. Trabajo guiado por los\u00a0acad\u00e9micos Mg. Fernando Palma Fanjul y Mg. Alonso Rebolledo Arellano, consiste en una herramienta [...]<\/p><\/div><\/div><div class=\"fusion-clearfix\"><\/div><\/article>\n<article id=\"blog-1-post-606\" class=\"fusion-post-medium-alternate post-606 post type-post status-publish format-standard has-post-thumbnail hentry category-noticias\">\n<div class=\"fusion-date-and-formats\"><div class=\"fusion-date-box updated\"><span class=\"fusion-date\">23<\/span><span class=\"fusion-month-year\">08, 2021<\/span><\/div><div class=\"fusion-format-box\"><i class=\"awb-icon-pen\" aria-hidden=\"true\"><\/i><\/div><\/div>\t<style type=\"text\/css\">\n\t\t\n\t\t\n\t\t\n\t\t\n\t\t\t<\/style>\n\n\n\t\t\t<div class=\"fusion-flexslider flexslider fusion-flexslider-loading fusion-post-slideshow\" style=\"\">\n\t\t<ul class=\"slides\">\n\t\t\t\n\t\t\t\t\t\t\t\t\t\t\t\t\t\t<li><div  class=\"fusion-image-wrapper fusion-image-size-fixed\" aria-haspopup=\"true\">\n\t\t\t\t  <img width=\"320\" height=\"202\" src=\"https:\/\/edi.ubiobio.cl\/wp-content\/uploads\/2021\/08\/3d-320x202.jpg\" class=\"attachment-blog-medium size-blog-medium wp-post-image\" alt=\"\" srcset=\"https:\/\/edi.ubiobio.cl\/wp-content\/uploads\/2021\/08\/3d-320x202.jpg 320w, https:\/\/edi.ubiobio.cl\/wp-content\/uploads\/2021\/08\/3d-700x441.jpg 700w\" sizes=\"(max-width: 320px) 100vw, 320px\" \/><div class=\"fusion-rollover\">\n\t<div class=\"fusion-rollover-content\">\n\n\t\t\t\t\t\t\t\t\t\t\t\t\t\t<a class=\"fusion-rollover-link\" href=\"https:\/\/edi.ubiobio.cl\/?p=606\">Estudiantes de la escuela de dise\u00f1o industrial desarrollan proyectos de t\u00edtulo con exploraci\u00f3n en impresi\u00f3n 3D<\/a>\n\t\t\t\n\t\t\t\t\t\t\t\t\n\t\t\n\t\t\t\t\t\t\t\t\n\t\t\t\t\t\t\t\t\n\t\t\n\t\t\t\t\t\t<a class=\"fusion-link-wrapper\" href=\"https:\/\/edi.ubiobio.cl\/?p=606\" aria-label=\"Estudiantes de la escuela de dise\u00f1o industrial desarrollan proyectos de t\u00edtulo con exploraci\u00f3n en impresi\u00f3n 3D\"><\/a>\n\t<\/div>\n<\/div>\n<\/div>\n<\/li>\n\t\t\t\n\t\t\t\n\t\t\t\t\t\t\t\t\t\t\t\t\t\t\t\t\t\t\t\t\t\t\t\t\t\t\t\t\t\t\t\t\t\t\t\t\t\t\t\t\t\t\t\t\t\t\t\t\t\t\t\t\t\t\t\t\t\t\t\t\t\t\t\t\t\t\t\t<\/ul>\n\t<\/div>\n\t<div class=\"fusion-post-content post-content\"><h2 class=\"blog-shortcode-post-title entry-title\"><a href=\"https:\/\/edi.ubiobio.cl\/?p=606\">Estudiantes de la escuela de dise\u00f1o industrial desarrollan proyectos de t\u00edtulo con exploraci\u00f3n en impresi\u00f3n 3D<\/a><\/h2><p class=\"fusion-single-line-meta\">By <span class=\"vcard\"><span class=\"fn\"><a href=\"https:\/\/edi.ubiobio.cl\/?author=1\" title=\"Entradas de ediadm\" rel=\"author\">ediadm<\/a><\/span><\/span><span class=\"fusion-inline-sep\">|<\/span><span class=\"updated\" style=\"display:none;\">2021-08-28T12:22:05-04:00<\/span><span>2021-08-23<\/span><span class=\"fusion-inline-sep\">|<\/span>Categories: <a href=\"https:\/\/edi.ubiobio.cl\/?cat=7\" rel=\"category\">Noticias<\/a><span class=\"fusion-inline-sep\">|<\/span><\/p><div class=\"fusion-post-content-container\"><p> Parte del trabajo de proyectos de t\u00edtulo, desarrollados por los\/as estudiantes de la Escuela de Dise\u00f1o Industrial en impresi\u00f3n 3D. Fotograf\u00eda de Fernando Palma Fanjul Un grupo de estudiantes de [...]<\/p><\/div><\/div><div class=\"fusion-clearfix\"><\/div><\/article>\n<article id=\"blog-1-post-614\" class=\"fusion-post-medium-alternate post-614 post type-post status-publish format-standard has-post-thumbnail hentry category-noticias\">\n<div class=\"fusion-date-and-formats\"><div class=\"fusion-date-box updated\"><span class=\"fusion-date\">20<\/span><span class=\"fusion-month-year\">08, 2021<\/span><\/div><div class=\"fusion-format-box\"><i class=\"awb-icon-pen\" aria-hidden=\"true\"><\/i><\/div><\/div>\t<style type=\"text\/css\">\n\t\t\n\t\t\n\t\t\n\t\t\n\t\t\t<\/style>\n\n\n\t\t\t<div class=\"fusion-flexslider flexslider fusion-flexslider-loading fusion-post-slideshow\" style=\"\">\n\t\t<ul class=\"slides\">\n\t\t\t\n\t\t\t\t\t\t\t\t\t\t\t\t\t\t<li><div  class=\"fusion-image-wrapper fusion-image-size-fixed\" aria-haspopup=\"true\">\n\t\t\t\t  <img width=\"320\" height=\"202\" src=\"https:\/\/edi.ubiobio.cl\/wp-content\/uploads\/2021\/08\/pat-320x202.jpg\" class=\"attachment-blog-medium size-blog-medium wp-post-image\" alt=\"\" srcset=\"https:\/\/edi.ubiobio.cl\/wp-content\/uploads\/2021\/08\/pat-320x202.jpg 320w, https:\/\/edi.ubiobio.cl\/wp-content\/uploads\/2021\/08\/pat-700x441.jpg 700w\" sizes=\"(max-width: 320px) 100vw, 320px\" \/><div class=\"fusion-rollover\">\n\t<div class=\"fusion-rollover-content\">\n\n\t\t\t\t\t\t\t\t\t\t\t\t\t\t<a class=\"fusion-rollover-link\" href=\"https:\/\/edi.ubiobio.cl\/?p=614\">PAT PAT: M\u00ed iniciador en cester\u00eda en pita, por Esteban Meza Navarrete<\/a>\n\t\t\t\n\t\t\t\t\t\t\t\t\n\t\t\n\t\t\t\t\t\t\t\t\n\t\t\t\t\t\t\t\t\n\t\t\n\t\t\t\t\t\t<a class=\"fusion-link-wrapper\" href=\"https:\/\/edi.ubiobio.cl\/?p=614\" aria-label=\"PAT PAT: M\u00ed iniciador en cester\u00eda en pita, por Esteban Meza Navarrete\"><\/a>\n\t<\/div>\n<\/div>\n<\/div>\n<\/li>\n\t\t\t\n\t\t\t\n\t\t\t\t\t\t\t\t\t\t\t\t\t\t\t\t\t\t\t\t\t\t\t\t\t\t\t\t\t\t\t\t\t\t\t\t\t\t\t\t\t\t\t\t\t\t\t\t\t\t\t\t\t\t\t\t\t\t\t\t\t\t\t\t\t\t\t\t<\/ul>\n\t<\/div>\n\t<div class=\"fusion-post-content post-content\"><h2 class=\"blog-shortcode-post-title entry-title\"><a href=\"https:\/\/edi.ubiobio.cl\/?p=614\">PAT PAT: M\u00ed iniciador en cester\u00eda en pita, por Esteban Meza Navarrete<\/a><\/h2><p class=\"fusion-single-line-meta\">By <span class=\"vcard\"><span class=\"fn\"><a href=\"https:\/\/edi.ubiobio.cl\/?author=1\" title=\"Entradas de ediadm\" rel=\"author\">ediadm<\/a><\/span><\/span><span class=\"fusion-inline-sep\">|<\/span><span class=\"updated\" style=\"display:none;\">2021-08-28T12:06:09-04:00<\/span><span>2021-08-20<\/span><span class=\"fusion-inline-sep\">|<\/span>Categories: <a href=\"https:\/\/edi.ubiobio.cl\/?cat=7\" rel=\"category\">Noticias<\/a><span class=\"fusion-inline-sep\">|<\/span><\/p><div class=\"fusion-post-content-container\"><p> Proyecto de t\u00edtulo PAT PAT: M\u00ed iniciador en cester\u00eda en pita. Fotograf\u00eda de Esteban Meza Navarrete Proyecto elaborado por Esteban Meza Navarrete, para t\u00edtulo de Dise\u00f1ador Industrial UBB 2021, consistente [...]<\/p><\/div><\/div><div class=\"fusion-clearfix\"><\/div><\/article>\n<\/div><div class=\"pagination clearfix\"><span class=\"current\">1<\/span><a href=\"https:\/\/edi.ubiobio.cl\/index.php?rest_route=%2Fwp%2Fv2%2Fpages%2F232&#038;paged=2\" class=\"inactive\">2<\/a><a class=\"pagination-next\" rel=\"next\" href=\"https:\/\/edi.ubiobio.cl\/index.php?rest_route=%2Fwp%2Fv2%2Fpages%2F232&#038;paged=2\"><span class=\"page-text\">Siguiente<\/span><span class=\"page-next\"><\/span><\/a><\/div><div class=\"fusion-clearfix\"><\/div><\/div><\/div><style type=\"text\/css\">.fusion-body .fusion-builder-column-0{width:100% !important;margin-top : 0px;margin-bottom : 20px;}.fusion-builder-column-0 > .fusion-column-wrapper {padding-top : 0px !important;padding-right : 0px !important;margin-right : 1.92%;padding-bottom : 0px !important;padding-left : 0px !important;margin-left : 1.92%;}@media only screen and (max-width:1024px) {.fusion-body .fusion-builder-column-0{width:100% !important;order : 0;}.fusion-builder-column-0 > .fusion-column-wrapper {margin-right : 1.92%;margin-left : 1.92%;}}@media only screen and (max-width:640px) {.fusion-body .fusion-builder-column-0{width:100% !important;order : 0;}.fusion-builder-column-0 > .fusion-column-wrapper {margin-right : 1.92%;margin-left : 1.92%;}}<\/style><\/div><\/div><style type=\"text\/css\">.fusion-body .fusion-flex-container.fusion-builder-row-1{ padding-top : 0px;margin-top : 0px;padding-right : 0px;padding-bottom : 0px;margin-bottom : 0px;padding-left : 0px;}<\/style><\/div>\n","protected":false},"excerpt":{"rendered":"","protected":false},"author":1,"featured_media":0,"parent":0,"menu_order":0,"comment_status":"closed","ping_status":"closed","template":"","meta":{"spay_email":""},"yoast_head":"<!-- This site is optimized with the Yoast SEO plugin v16.8 - https:\/\/yoast.com\/wordpress\/plugins\/seo\/ -->\n<title>ARCHIVO DE NOTICIAS &bull; Escuela Dise\u00f1o Industrial<\/title>\n<meta name=\"robots\" content=\"index, follow, max-snippet:-1, max-image-preview:large, max-video-preview:-1\" \/>\n<link rel=\"canonical\" href=\"http:\/\/edi.ubiobio.cl\/?page_id=232\" \/>\n<meta property=\"og:locale\" content=\"es_ES\" \/>\n<meta property=\"og:type\" content=\"article\" \/>\n<meta property=\"og:title\" content=\"ARCHIVO DE NOTICIAS &bull; Escuela Dise\u00f1o Industrial\" \/>\n<meta property=\"og:url\" content=\"http:\/\/edi.ubiobio.cl\/?page_id=232\" \/>\n<meta property=\"og:site_name\" content=\"Escuela Dise\u00f1o Industrial\" \/>\n<meta property=\"article:publisher\" content=\"https:\/\/www.facebook.com\/EDI.UBB\" \/>\n<meta property=\"article:modified_time\" content=\"2020-12-13T16:11:36+00:00\" \/>\n<meta name=\"twitter:card\" content=\"summary_large_image\" \/>\n<meta name=\"twitter:label1\" content=\"Tiempo de lectura\" \/>\n\t<meta name=\"twitter:data1\" content=\"3 minutos\" \/>\n<script type=\"application\/ld+json\" class=\"yoast-schema-graph\">{\"@context\":\"https:\/\/schema.org\",\"@graph\":[{\"@type\":\"Organization\",\"@id\":\"https:\/\/edi.ubiobio.cl\/#organization\",\"name\":\"Escuela de Dise\\u00f1o Industrial UBB\",\"url\":\"https:\/\/edi.ubiobio.cl\/\",\"sameAs\":[\"https:\/\/www.facebook.com\/EDI.UBB\",\"https:\/\/www.instagram.com\/disenoindustrialubb\/\",\"https:\/\/www.youtube.com\/channel\/UC7p_ldfiYRE3baHPJ7yLudw\"],\"logo\":{\"@type\":\"ImageObject\",\"@id\":\"https:\/\/edi.ubiobio.cl\/#logo\",\"inLanguage\":\"es\",\"url\":\"http:\/\/edi.ubiobio.cl\/wp-content\/uploads\/2020\/11\/edicolor2b.svg\",\"contentUrl\":\"http:\/\/edi.ubiobio.cl\/wp-content\/uploads\/2020\/11\/edicolor2b.svg\",\"width\":310,\"height\":61,\"caption\":\"Escuela de Dise\\u00f1o Industrial UBB\"},\"image\":{\"@id\":\"https:\/\/edi.ubiobio.cl\/#logo\"}},{\"@type\":\"WebSite\",\"@id\":\"https:\/\/edi.ubiobio.cl\/#website\",\"url\":\"https:\/\/edi.ubiobio.cl\/\",\"name\":\"Escuela Dise\\u00f1o Industrial\",\"description\":\"Universidad del B\\u00edo-B\\u00edo\",\"publisher\":{\"@id\":\"https:\/\/edi.ubiobio.cl\/#organization\"},\"potentialAction\":[{\"@type\":\"SearchAction\",\"target\":{\"@type\":\"EntryPoint\",\"urlTemplate\":\"https:\/\/edi.ubiobio.cl\/?s={search_term_string}\"},\"query-input\":\"required name=search_term_string\"}],\"inLanguage\":\"es\"},{\"@type\":\"WebPage\",\"@id\":\"http:\/\/edi.ubiobio.cl\/?page_id=232#webpage\",\"url\":\"http:\/\/edi.ubiobio.cl\/?page_id=232\",\"name\":\"ARCHIVO DE NOTICIAS &bull; Escuela Dise\\u00f1o Industrial\",\"isPartOf\":{\"@id\":\"https:\/\/edi.ubiobio.cl\/#website\"},\"datePublished\":\"2020-12-12T16:00:58+00:00\",\"dateModified\":\"2020-12-13T16:11:36+00:00\",\"breadcrumb\":{\"@id\":\"http:\/\/edi.ubiobio.cl\/?page_id=232#breadcrumb\"},\"inLanguage\":\"es\",\"potentialAction\":[{\"@type\":\"ReadAction\",\"target\":[\"http:\/\/edi.ubiobio.cl\/?page_id=232\"]}]},{\"@type\":\"BreadcrumbList\",\"@id\":\"http:\/\/edi.ubiobio.cl\/?page_id=232#breadcrumb\",\"itemListElement\":[{\"@type\":\"ListItem\",\"position\":1,\"name\":\"Portada\",\"item\":\"https:\/\/edi.ubiobio.cl\/\"},{\"@type\":\"ListItem\",\"position\":2,\"name\":\"ARCHIVO DE NOTICIAS\"}]}]}<\/script>\n<!-- \/ Yoast SEO plugin. -->","yoast_head_json":{"title":"ARCHIVO DE NOTICIAS &bull; Escuela Dise\u00f1o Industrial","robots":{"index":"index","follow":"follow","max-snippet":"max-snippet:-1","max-image-preview":"max-image-preview:large","max-video-preview":"max-video-preview:-1"},"canonical":"http:\/\/edi.ubiobio.cl\/?page_id=232","og_locale":"es_ES","og_type":"article","og_title":"ARCHIVO DE NOTICIAS &bull; Escuela Dise\u00f1o Industrial","og_url":"http:\/\/edi.ubiobio.cl\/?page_id=232","og_site_name":"Escuela Dise\u00f1o Industrial","article_publisher":"https:\/\/www.facebook.com\/EDI.UBB","article_modified_time":"2020-12-13T16:11:36+00:00","twitter_card":"summary_large_image","twitter_misc":{"Tiempo de lectura":"3 minutos"},"schema":{"@context":"https:\/\/schema.org","@graph":[{"@type":"Organization","@id":"https:\/\/edi.ubiobio.cl\/#organization","name":"Escuela de Dise\u00f1o Industrial UBB","url":"https:\/\/edi.ubiobio.cl\/","sameAs":["https:\/\/www.facebook.com\/EDI.UBB","https:\/\/www.instagram.com\/disenoindustrialubb\/","https:\/\/www.youtube.com\/channel\/UC7p_ldfiYRE3baHPJ7yLudw"],"logo":{"@type":"ImageObject","@id":"https:\/\/edi.ubiobio.cl\/#logo","inLanguage":"es","url":"http:\/\/edi.ubiobio.cl\/wp-content\/uploads\/2020\/11\/edicolor2b.svg","contentUrl":"http:\/\/edi.ubiobio.cl\/wp-content\/uploads\/2020\/11\/edicolor2b.svg","width":310,"height":61,"caption":"Escuela de Dise\u00f1o Industrial UBB"},"image":{"@id":"https:\/\/edi.ubiobio.cl\/#logo"}},{"@type":"WebSite","@id":"https:\/\/edi.ubiobio.cl\/#website","url":"https:\/\/edi.ubiobio.cl\/","name":"Escuela Dise\u00f1o Industrial","description":"Universidad del B\u00edo-B\u00edo","publisher":{"@id":"https:\/\/edi.ubiobio.cl\/#organization"},"potentialAction":[{"@type":"SearchAction","target":{"@type":"EntryPoint","urlTemplate":"https:\/\/edi.ubiobio.cl\/?s={search_term_string}"},"query-input":"required name=search_term_string"}],"inLanguage":"es"},{"@type":"WebPage","@id":"http:\/\/edi.ubiobio.cl\/?page_id=232#webpage","url":"http:\/\/edi.ubiobio.cl\/?page_id=232","name":"ARCHIVO DE NOTICIAS &bull; Escuela Dise\u00f1o Industrial","isPartOf":{"@id":"https:\/\/edi.ubiobio.cl\/#website"},"datePublished":"2020-12-12T16:00:58+00:00","dateModified":"2020-12-13T16:11:36+00:00","breadcrumb":{"@id":"http:\/\/edi.ubiobio.cl\/?page_id=232#breadcrumb"},"inLanguage":"es","potentialAction":[{"@type":"ReadAction","target":["http:\/\/edi.ubiobio.cl\/?page_id=232"]}]},{"@type":"BreadcrumbList","@id":"http:\/\/edi.ubiobio.cl\/?page_id=232#breadcrumb","itemListElement":[{"@type":"ListItem","position":1,"name":"Portada","item":"https:\/\/edi.ubiobio.cl\/"},{"@type":"ListItem","position":2,"name":"ARCHIVO DE NOTICIAS"}]}]}},"jetpack_sharing_enabled":true,"_links":{"self":[{"href":"https:\/\/edi.ubiobio.cl\/index.php?rest_route=\/wp\/v2\/pages\/232"}],"collection":[{"href":"https:\/\/edi.ubiobio.cl\/index.php?rest_route=\/wp\/v2\/pages"}],"about":[{"href":"https:\/\/edi.ubiobio.cl\/index.php?rest_route=\/wp\/v2\/types\/page"}],"author":[{"embeddable":true,"href":"https:\/\/edi.ubiobio.cl\/index.php?rest_route=\/wp\/v2\/users\/1"}],"replies":[{"embeddable":true,"href":"https:\/\/edi.ubiobio.cl\/index.php?rest_route=%2Fwp%2Fv2%2Fcomments&post=232"}],"version-history":[{"count":6,"href":"https:\/\/edi.ubiobio.cl\/index.php?rest_route=\/wp\/v2\/pages\/232\/revisions"}],"predecessor-version":[{"id":276,"href":"https:\/\/edi.ubiobio.cl\/index.php?rest_route=\/wp\/v2\/pages\/232\/revisions\/276"}],"wp:attachment":[{"href":"https:\/\/edi.ubiobio.cl\/index.php?rest_route=%2Fwp%2Fv2%2Fmedia&parent=232"}],"curies":[{"name":"wp","href":"https:\/\/api.w.org\/{rel}","templated":true}]}}