{"id":828,"date":"2023-10-24T21:42:43","date_gmt":"2023-10-25T00:42:43","guid":{"rendered":"http:\/\/edi.ubiobio.cl\/?page_id=828"},"modified":"2023-11-15T14:02:43","modified_gmt":"2023-11-15T17:02:43","slug":"centros-de-practica","status":"publish","type":"page","link":"http:\/\/edi.ubiobio.cl\/?page_id=828","title":{"rendered":"CENTROS DE PR\u00c1CTICA"},"content":{"rendered":"<p><div class=\"fusion-fullwidth fullwidth-box fusion-builder-row-1 fusion-flex-container nonhundred-percent-fullwidth non-hundred-percent-height-scrolling\" style=\"background-color: rgba(255,255,255,0);background-position: center center;background-repeat: no-repeat;border-width: 0px 0px 0px 0px;border-color:#e2e2e2;border-style:solid;\" ><div class=\"fusion-builder-row fusion-row fusion-flex-align-items-flex-start\" style=\"max-width:1248px;margin-left: calc(-4% \/ 2 );margin-right: calc(-4% \/ 2 );\"><div class=\"fusion-layout-column fusion_builder_column fusion-builder-column-0 fusion_builder_column_1_1 1_1 fusion-flex-column\"><div class=\"fusion-column-wrapper fusion-flex-justify-content-flex-start fusion-content-layout-column\" style=\"background-position:left top;background-repeat:no-repeat;-webkit-background-size:cover;-moz-background-size:cover;-o-background-size:cover;background-size:cover;padding: 0px 0px 0px 0px;\"><style type=\"text\/css\">@media only screen and (max-width:1024px) {.fusion-title.fusion-title-1{margin-top:10px!important; margin-right:0px!important;margin-bottom:15px!important;margin-left:0px!important;}}@media only screen and (max-width:640px) {.fusion-title.fusion-title-1{margin-top:10px!important; margin-right:0px!important;margin-bottom:10px!important; margin-left:0px!important;}}<\/style><div class=\"fusion-title title fusion-title-1 fusion-title-text fusion-title-size-three\" style=\"margin-top:10px;margin-right:0px;margin-bottom:15px;margin-left:0px;\"><div class=\"title-sep-container title-sep-container-left fusion-no-large-visibility fusion-no-medium-visibility fusion-no-small-visibility\"><div class=\"title-sep sep-double sep-solid\" style=\"border-color:#e2e2e2;\"><\/div><\/div><span class=\"awb-title-spacer fusion-no-large-visibility fusion-no-medium-visibility fusion-no-small-visibility\"><\/span><h3 class=\"title-heading-left fusion-responsive-typography-calculated\" style=\"margin:0;--fontSize:32;line-height:1.3;\">CENTROS DE PR\u00c1CTICA<\/h3><span class=\"awb-title-spacer\"><\/span><div class=\"title-sep-container title-sep-container-right\"><div class=\"title-sep sep-double sep-solid\" style=\"border-color:#e2e2e2;\"><\/div><\/div><\/div><\/div><style type=\"text\/css\">.fusion-body .fusion-builder-column-0{width:100% !important;margin-top : 0px;margin-bottom : 20px;}.fusion-builder-column-0 > .fusion-column-wrapper {padding-top : 0px !important;padding-right : 0px !important;margin-right : 1.92%;padding-bottom : 0px !important;padding-left : 0px !important;margin-left : 1.92%;}@media only screen and (max-width:1024px) {.fusion-body .fusion-builder-column-0{width:100% !important;order : 0;}.fusion-builder-column-0 > .fusion-column-wrapper {margin-right : 1.92%;margin-left : 1.92%;}}@media only screen and (max-width:640px) {.fusion-body .fusion-builder-column-0{width:100% !important;order : 0;}.fusion-builder-column-0 > .fusion-column-wrapper {margin-right : 1.92%;margin-left : 1.92%;}}<\/style><\/div><\/div><style type=\"text\/css\">.fusion-body .fusion-flex-container.fusion-builder-row-1{ padding-top : 0px;margin-top : 0px;padding-right : 0px;padding-bottom : 0px;margin-bottom : 0px;padding-left : 0px;}<\/style><\/div><div class=\"fusion-fullwidth fullwidth-box fusion-builder-row-2 fusion-flex-container nonhundred-percent-fullwidth non-hundred-percent-height-scrolling\" style=\"background-color: rgba(255,255,255,0);background-position: center center;background-repeat: no-repeat;border-width: 0px 0px 0px 0px;border-color:#e2e2e2;border-style:solid;\" ><div class=\"fusion-builder-row fusion-row fusion-flex-align-items-flex-start\" style=\"max-width:1248px;margin-left: calc(-4% \/ 2 );margin-right: calc(-4% \/ 2 );\"><div class=\"fusion-layout-column fusion_builder_column fusion-builder-column-1 fusion_builder_column_1_2 1_2 fusion-flex-column\"><div class=\"fusion-column-wrapper fusion-flex-justify-content-flex-start fusion-content-layout-column\" style=\"background-position:left top;background-repeat:no-repeat;-webkit-background-size:cover;-moz-background-size:cover;-o-background-size:cover;background-size:cover;padding: 0px 0px 0px 0px;\"><style type=\"text\/css\">#accordion-828-1 .fusion-panel:hover, #accordion-828-1 .fusion-panel.hover{ background-color: #f9f9fb } #accordion-828-1 .fusion-panel { border-color:#e2e2e2; border-width:1px; background-color:#ffffff; }.fusion-accordian  #accordion-828-1 .panel-title a .fa-fusion-box{ color: #ffffff;}.fusion-accordian  #accordion-828-1 .panel-title a .fa-fusion-box:before{ font-size: 16px; width: 16px;}.fusion-accordian  #accordion-828-1 .fa-fusion-box { background-color: #006ba6;border-color: #006ba6;}.fusion-accordian  #accordion-828-1 .panel-title a:hover, #accordion-828-1 .fusion-toggle-boxed-mode:hover .panel-title a { color: #f0b323;}.fusion-accordian  #accordion-828-1 .panel-title .active .fa-fusion-box,.fusion-accordian  #accordion-828-1 .panel-title a:hover .fa-fusion-box { background-color: #f0b323!important;border-color: #f0b323!important;}<\/style><div class=\"accordian fusion-accordian\"><div class=\"panel-group\" id=\"accordion-828-1\"><div class=\"fusion-panel panel-default fusion-toggle-no-divider fusion-toggle-boxed-mode\"><div class=\"panel-heading\"><h4 class=\"panel-title toggle\"><a aria-expanded=\"false\" aria-controls=\"9d55470bf2ca89b2b\" role=\"button\" data-toggle=\"collapse\" data-parent=\"#accordion-828-1\" data-target=\"#9d55470bf2ca89b2b\" href=\"#9d55470bf2ca89b2b\"><span class=\"fusion-toggle-icon-wrapper\" aria-hidden=\"true\"><i class=\"fa-fusion-box\" aria-hidden=\"true\"><\/i><\/span><span class=\"fusion-toggle-heading\">UDT Unidad de Desarrollo Tecnol\u00f3gico UdeC<\/span><\/a><\/h4><\/div><div id=\"9d55470bf2ca89b2b\" class=\"panel-collapse collapse \"><div class=\"panel-body toggle-content fusion-clearfix\">\n<ul>\n<li><strong>RUBRO:<\/strong> Investigaci\u00f3n y desarrollo<\/li>\n<li><strong>CIUDAD:<\/strong> Coronel<\/li>\n<li><strong>ENCARGADO:<\/strong> Nelson Zbinden, Dise\u00f1ador Industrial<\/li>\n<li><strong>TEL\u00c9FONO:<\/strong>\u00a0+56 9 7559 6137<\/li>\n<li><strong>CORREO ELECTR\u00d3NICO: <\/strong><a href=\"mailto:n.zbinden@udt.cl\">n.zbinden@udt.cl<\/a><\/li>\n<li><strong>P\u00c1GINA WEB:<\/strong>\u00a0<a href=\"https:\/\/www.udt.cl\" target=\"_blank\" rel=\"noopener\">www.udt.cl<\/a><\/li>\n<\/ul>\n<\/div><\/div><\/div><div class=\"fusion-panel panel-default fusion-toggle-no-divider fusion-toggle-boxed-mode\"><div class=\"panel-heading\"><h4 class=\"panel-title toggle\"><a aria-expanded=\"false\" aria-controls=\"9c3dcacc7b0945045\" role=\"button\" data-toggle=\"collapse\" data-parent=\"#accordion-828-1\" data-target=\"#9c3dcacc7b0945045\" href=\"#9c3dcacc7b0945045\"><span class=\"fusion-toggle-icon-wrapper\" aria-hidden=\"true\"><i class=\"fa-fusion-box\" aria-hidden=\"true\"><\/i><\/span><span class=\"fusion-toggle-heading\">COPAS COASTAL Departamento de Oceanograf\u00eda UDEC<\/span><\/a><\/h4><\/div><div id=\"9c3dcacc7b0945045\" class=\"panel-collapse collapse \"><div class=\"panel-body toggle-content fusion-clearfix\">\n<ul>\n<li><strong>RUBRO:<\/strong> Investigaci\u00f3n, Oceanograf\u00eda. Universidades.<\/li>\n<li><strong>CIUDAD:<\/strong> Concepci\u00f3n<\/li>\n<li><strong>ENCARGADO:<\/strong> Mar\u00eda Ang\u00e9lica Carmona<\/li>\n<li><strong>TEL\u00c9FONO:<\/strong><\/li>\n<li><strong>CORREO ELECTR\u00d3NICO: <a href=\"mailto:macarmon@udec.cl\" target=\"_blank\" rel=\"noopener\">macarmon@udec.cl<\/a><\/strong><\/li>\n<li><strong>P\u00c1GINA WEB: <a href=\"https:\/\/oceanografia.udec.cl\/\">https:\/\/oceanografia.udec.cl\/<\/a><\/strong><\/li>\n<\/ul>\n<\/div><\/div><\/div><div class=\"fusion-panel panel-default fusion-toggle-no-divider fusion-toggle-boxed-mode\"><div class=\"panel-heading\"><h4 class=\"panel-title toggle\"><a aria-expanded=\"false\" aria-controls=\"3b000b930367c82e6\" role=\"button\" data-toggle=\"collapse\" data-parent=\"#accordion-828-1\" data-target=\"#3b000b930367c82e6\" href=\"#3b000b930367c82e6\"><span class=\"fusion-toggle-icon-wrapper\" aria-hidden=\"true\"><i class=\"fa-fusion-box\" aria-hidden=\"true\"><\/i><\/span><span class=\"fusion-toggle-heading\">Museo de Historia Natural <\/span><\/a><\/h4><\/div><div id=\"3b000b930367c82e6\" class=\"panel-collapse collapse \"><div class=\"panel-body toggle-content fusion-clearfix\">\n<ul>\n<li><strong>RUBRO:<\/strong> Museo de Historia Natural<\/li>\n<li><strong>CIUDAD:<\/strong> Concepci\u00f3n<\/li>\n<li><strong>ENCARGADO: <\/strong>Rossana In\u00e9s Torres Rossel<\/li>\n<li><strong><strong>TEL\u00c9FONO:<\/strong><\/strong>\n<div>+56 413322400<\/div>\n<div>+56 994997963<\/div>\n<\/li>\n<li><strong>CORREO ELECTR\u00d3NICO: <\/strong><a href=\"mailto:roxana.torres@museoschile.gob.cl\" target=\"_blank\" rel=\"noopener\">roxana.torres@museoschile.<wbr \/>gob.cl<\/a><\/li>\n<li><strong>P\u00c1GINA WEB: <\/strong>https:\/\/www.mhnconcepcion.gob.cl\/<\/li>\n<\/ul>\n<\/div><\/div><\/div><div class=\"fusion-panel panel-default fusion-toggle-no-divider fusion-toggle-boxed-mode\"><div class=\"panel-heading\"><h4 class=\"panel-title toggle\"><a aria-expanded=\"false\" aria-controls=\"a977828217ed98c9d\" role=\"button\" data-toggle=\"collapse\" data-parent=\"#accordion-828-1\" data-target=\"#a977828217ed98c9d\" href=\"#a977828217ed98c9d\"><span class=\"fusion-toggle-icon-wrapper\" aria-hidden=\"true\"><i class=\"fa-fusion-box\" aria-hidden=\"true\"><\/i><\/span><span class=\"fusion-toggle-heading\">CONAF<\/span><\/a><\/h4><\/div><div id=\"a977828217ed98c9d\" class=\"panel-collapse collapse \"><div class=\"panel-body toggle-content fusion-clearfix\">\n<ul>\n<li><strong>RUBRO:<\/strong> Conservaci\u00f3n y Administraci\u00f3n de \u00c1reas Silvestres Protegidas del Estado<\/li>\n<li><strong>CIUDAD:<\/strong> Concepci\u00f3n<\/li>\n<li><strong>ENCARGADO:<\/strong> Francisca Ravanal<\/li>\n<li><strong>TEL\u00c9FONO:<\/strong> +56 9 973681683<\/li>\n<li><strong>CORREO ELECTR\u00d3NICO: <a href=\"mailto:francisca.ravanal@conaf.cl\" target=\"_blank\" rel=\"noopener\">francisca.ravanal@<span class=\"il\">conaf<\/span>.cl<\/a><\/strong><\/li>\n<li><strong>P\u00c1GINA WEB:<\/strong> <a href=\"https:\/\/www.conaf.cl\/\" target=\"_blank\" rel=\"noopener\" data-saferedirecturl=\"https:\/\/www.google.com\/url?q=https:\/\/www.conaf.cl\/&amp;source=gmail&amp;ust=1640199079414000&amp;usg=AOvVaw0KFe4kFG2v9xPNWkg6zHLd\">www.conaf.cl<\/a><\/li>\n<\/ul>\n<\/div><\/div><\/div><div class=\"fusion-panel panel-default fusion-toggle-no-divider fusion-toggle-boxed-mode\"><div class=\"panel-heading\"><h4 class=\"panel-title toggle\"><a aria-expanded=\"false\" aria-controls=\"eb33bdd6d55f1b310\" role=\"button\" data-toggle=\"collapse\" data-parent=\"#accordion-828-1\" data-target=\"#eb33bdd6d55f1b310\" href=\"#eb33bdd6d55f1b310\"><span class=\"fusion-toggle-icon-wrapper\" aria-hidden=\"true\"><i class=\"fa-fusion-box\" aria-hidden=\"true\"><\/i><\/span><span class=\"fusion-toggle-heading\">VIVA Madera<\/span><\/a><\/h4><\/div><div id=\"eb33bdd6d55f1b310\" class=\"panel-collapse collapse \"><div class=\"panel-body toggle-content fusion-clearfix\">\n<ul>\n<li><strong>RUBRO:<\/strong> Muebles de Hogar<\/li>\n<li><strong>CIUDAD:<\/strong> Coliumo<\/li>\n<li><strong>ENCARGADO:<\/strong> Constanza Celed\u00f3n<\/li>\n<li><strong>TEL\u00c9FONO:<\/strong>\u00a0+56 9 7953 0906<\/li>\n<li><strong>CORREO ELECTR\u00d3NICO: <\/strong><a href=\"mailto:constanza@vivamadera.cl\">constanza@vivamadera.cl<\/a><\/li>\n<li><strong>P\u00c1GINA WEB:<\/strong> <a href=\"https:\/\/vivamadera.cl\" target=\"_blank\" rel=\"noopener\">https:\/\/vivamadera.cl<\/a><\/li>\n<\/ul>\n<\/div><\/div><\/div><div class=\"fusion-panel panel-default fusion-toggle-no-divider fusion-toggle-boxed-mode\"><div class=\"panel-heading\"><h4 class=\"panel-title toggle\"><a aria-expanded=\"false\" aria-controls=\"ea8836e52f2b418b1\" role=\"button\" data-toggle=\"collapse\" data-parent=\"#accordion-828-1\" data-target=\"#ea8836e52f2b418b1\" href=\"#ea8836e52f2b418b1\"><span class=\"fusion-toggle-icon-wrapper\" aria-hidden=\"true\"><i class=\"fa-fusion-box\" aria-hidden=\"true\"><\/i><\/span><span class=\"fusion-toggle-heading\">CAP Acero<\/span><\/a><\/h4><\/div><div id=\"ea8836e52f2b418b1\" class=\"panel-collapse collapse \"><div class=\"panel-body toggle-content fusion-clearfix\">\n<ul>\n<li><strong>RUBRO:<\/strong> Compa\u00f1\u00eda Sider\u00fargica Huachipato, Manufactura de acero &#8211; soluciones para miner\u00eda<\/li>\n<li><strong>CIUDAD:<\/strong> Talcahuano<\/li>\n<li><strong>ENCARGADO:<\/strong> Mat\u00edas R\u00edos<\/li>\n<li><strong>TEL\u00c9FONO:<\/strong> 41 2502124<\/li>\n<li><strong>CORREO ELECTR\u00d3NICO:<\/strong> <a href=\"mailto:mriosh@csh.cl\" target=\"_blank\" rel=\"noopener\">mriosh@csh.cl<\/a><\/li>\n<li><strong>P\u00c1GINA WEB:<\/strong> <a id=\"m_-1751177647786621941LPlnk404462\" href=\"http:\/\/www.capacero.cl\/\" target=\"_blank\" rel=\"noopener\" data-saferedirecturl=\"https:\/\/www.google.com\/url?q=http:\/\/www.capacero.cl&amp;source=gmail&amp;ust=1640111089839000&amp;usg=AOvVaw0GoifE7G4o2b_0KrrrRYVN\">www.capacero.cl<\/a><\/li>\n<\/ul>\n<\/div><\/div><\/div><\/div><\/div><\/div><style type=\"text\/css\">.fusion-body .fusion-builder-column-1{width:50% !important;margin-top : 0px;margin-bottom : 20px;}.fusion-builder-column-1 > .fusion-column-wrapper {padding-top : 0px !important;padding-right : 0px !important;margin-right : 3.84%;padding-bottom : 0px !important;padding-left : 0px !important;margin-left : 3.84%;}@media only screen and (max-width:1024px) {.fusion-body .fusion-builder-column-1{width:50% !important;order : 0;}.fusion-builder-column-1 > .fusion-column-wrapper {margin-right : 3.84%;margin-left : 3.84%;}}@media only screen and (max-width:640px) {.fusion-body .fusion-builder-column-1{width:100% !important;order : 0;}.fusion-builder-column-1 > .fusion-column-wrapper {margin-right : 1.92%;margin-left : 1.92%;}}<\/style><\/div><div class=\"fusion-layout-column fusion_builder_column fusion-builder-column-2 fusion_builder_column_1_2 1_2 fusion-flex-column\"><div class=\"fusion-column-wrapper fusion-flex-justify-content-flex-start fusion-content-layout-column\" style=\"background-position:left top;background-repeat:no-repeat;-webkit-background-size:cover;-moz-background-size:cover;-o-background-size:cover;background-size:cover;padding: 0px 0px 0px 0px;\"><style type=\"text\/css\">#accordion-828-2 .fusion-panel:hover, #accordion-828-2 .fusion-panel.hover{ background-color: #f9f9fb } #accordion-828-2 .fusion-panel { border-color:#e2e2e2; border-width:1px; background-color:#ffffff; }.fusion-accordian  #accordion-828-2 .panel-title a .fa-fusion-box{ color: #ffffff;}.fusion-accordian  #accordion-828-2 .panel-title a .fa-fusion-box:before{ font-size: 16px; width: 16px;}.fusion-accordian  #accordion-828-2 .fa-fusion-box { background-color: #006ba6;border-color: #006ba6;}.fusion-accordian  #accordion-828-2 .panel-title a:hover, #accordion-828-2 .fusion-toggle-boxed-mode:hover .panel-title a { color: #f0b323;}.fusion-accordian  #accordion-828-2 .panel-title .active .fa-fusion-box,.fusion-accordian  #accordion-828-2 .panel-title a:hover .fa-fusion-box { background-color: #f0b323!important;border-color: #f0b323!important;}<\/style><div class=\"accordian fusion-accordian\"><div class=\"panel-group\" id=\"accordion-828-2\"><div class=\"fusion-panel panel-default fusion-toggle-no-divider fusion-toggle-boxed-mode\"><div class=\"panel-heading\"><h4 class=\"panel-title toggle\"><a aria-expanded=\"false\" aria-controls=\"de20a88720c33492b\" role=\"button\" data-toggle=\"collapse\" data-parent=\"#accordion-828-2\" data-target=\"#de20a88720c33492b\" href=\"#de20a88720c33492b\"><span class=\"fusion-toggle-icon-wrapper\" aria-hidden=\"true\"><i class=\"fa-fusion-box\" aria-hidden=\"true\"><\/i><\/span><span class=\"fusion-toggle-heading\">Los Pellines, Educaci\u00f3n Ambiental<\/span><\/a><\/h4><\/div><div id=\"de20a88720c33492b\" class=\"panel-collapse collapse \"><div class=\"panel-body toggle-content fusion-clearfix\">\n<ul>\n<li><strong>RUBRO:<\/strong> Turismo, educaci\u00f3n y conservaci\u00f3n Sustentable<\/li>\n<li><strong>CIUDAD:<\/strong> Chill\u00e1n<\/li>\n<li><strong>ENCARGADO:<\/strong>\u00a0Marcelo Ruiz<\/li>\n<li><strong>TEL\u00c9FONO:<\/strong>\u00a0+56 9 9219 3988<\/li>\n<li><strong>CORREO ELECTR\u00d3NICO:<\/strong> <a href=\"mailto:marceloandres@lospellines.cl\">marceloandres@lospellines.cl<\/a><\/li>\n<li><strong>P\u00c1GINA WEB:<\/strong> <a href=\"https:\/\/www.lospellines.cl\" target=\"_blank\" rel=\"noopener\">https:\/\/www.lospellines.cl<\/a><\/li>\n<\/ul>\n<\/div><\/div><\/div><div class=\"fusion-panel panel-default fusion-toggle-no-divider fusion-toggle-boxed-mode\"><div class=\"panel-heading\"><h4 class=\"panel-title toggle\"><a aria-expanded=\"false\" aria-controls=\"c407e0c5e53c9adb6\" role=\"button\" data-toggle=\"collapse\" data-parent=\"#accordion-828-2\" data-target=\"#c407e0c5e53c9adb6\" href=\"#c407e0c5e53c9adb6\"><span class=\"fusion-toggle-icon-wrapper\" aria-hidden=\"true\"><i class=\"fa-fusion-box\" aria-hidden=\"true\"><\/i><\/span><span class=\"fusion-toggle-heading\">Calzados Hebles<\/span><\/a><\/h4><\/div><div id=\"c407e0c5e53c9adb6\" class=\"panel-collapse collapse \"><div class=\"panel-body toggle-content fusion-clearfix\">\n<ul>\n<li><strong>RUBRO:<\/strong> Industria Manufacturera, Fabrica de Calzado femenino<\/li>\n<li><strong>CIUDAD:<\/strong> Concepci\u00f3n<\/li>\n<li><strong>ENCARGADO:<\/strong> Francisca Soto, Dise\u00f1adora Industrial<\/li>\n<li><strong>TEL\u00c9FONO:<\/strong>\u00a0+56 9 6468 0405<\/li>\n<li><strong>CORREO ELECTR\u00d3NICO:\u00a0<\/strong><a href=\"mailto:pedidoshebles@gmail.com\">pedidoshebles@gmail.com<\/a><\/li>\n<li><strong>P\u00c1GINA WEB:<\/strong> <a href=\"https:\/\/calzadoshebles.cl\" target=\"_blank\" rel=\"noopener\">www.calzadoshebles.cl<\/a><\/li>\n<\/ul>\n<\/div><\/div><\/div><div class=\"fusion-panel panel-default fusion-toggle-no-divider fusion-toggle-boxed-mode\"><div class=\"panel-heading\"><h4 class=\"panel-title toggle\"><a aria-expanded=\"false\" aria-controls=\"2c17c1798f9c671c4\" role=\"button\" data-toggle=\"collapse\" data-parent=\"#accordion-828-2\" data-target=\"#2c17c1798f9c671c4\" href=\"#2c17c1798f9c671c4\"><span class=\"fusion-toggle-icon-wrapper\" aria-hidden=\"true\"><i class=\"fa-fusion-box\" aria-hidden=\"true\"><\/i><\/span><span class=\"fusion-toggle-heading\">VEZ Dise\u00f1o<\/span><\/a><\/h4><\/div><div id=\"2c17c1798f9c671c4\" class=\"panel-collapse collapse \"><div class=\"panel-body toggle-content fusion-clearfix\">\n<ul>\n<li><strong>RUBRO:<\/strong> Dise\u00f1o -Fabricaci\u00f3n de Muebles- Carpinter\u00eda y oficios<\/li>\n<li><strong>CIUDAD:<\/strong> Concepci\u00f3n<\/li>\n<li><strong>ENCARGADO:<\/strong> Evelyn Larraguibel<\/li>\n<li><strong>TEL\u00c9FONO:<\/strong>\u00a0+56 9 9835 9796<\/li>\n<li><strong>CORREO ELECTR\u00d3NICO: <\/strong><a href=\"mailto:evelyn@vezdesing.cl\">evelyn@vezdesing.cl<\/a><\/li>\n<li><strong>P\u00c1GINA WEB: <\/strong><a href=\"https:\/\/vezdesign.cl\" target=\"_blank\" rel=\"noopener\">https:\/\/vezdesign.cl<\/a><\/li>\n<\/ul>\n<\/div><\/div><\/div><div class=\"fusion-panel panel-default fusion-toggle-no-divider fusion-toggle-boxed-mode\"><div class=\"panel-heading\"><h4 class=\"panel-title toggle\"><a aria-expanded=\"false\" aria-controls=\"972cecd408e782eec\" role=\"button\" data-toggle=\"collapse\" data-parent=\"#accordion-828-2\" data-target=\"#972cecd408e782eec\" href=\"#972cecd408e782eec\"><span class=\"fusion-toggle-icon-wrapper\" aria-hidden=\"true\"><i class=\"fa-fusion-box\" aria-hidden=\"true\"><\/i><\/span><span class=\"fusion-toggle-heading\">Taller Agreste<\/span><\/a><\/h4><\/div><div id=\"972cecd408e782eec\" class=\"panel-collapse collapse \"><div class=\"panel-body toggle-content fusion-clearfix\">\n<ul>\n<li><strong>RUBRO:<\/strong> Dise\u00f1o y fabricaci\u00f3n de mobiliario con madera nativa<\/li>\n<li><strong>CIUDAD:<\/strong> Talcahuano<\/li>\n<li><strong>ENCARGADO:<\/strong> Vincent Alves<\/li>\n<li><strong>TEL\u00c9FONO:<\/strong>\u00a0+56 9 7526 4312<\/li>\n<li><strong>CORREO ELECTR\u00d3NICO:<\/strong><a href=\"mailto:Contacto@talleragreste.cl\" target=\"_blank\" rel=\"noopener\">contacto@talleragreste.cl<\/a><\/li>\n<li><strong>P\u00c1GINA WEB:<\/strong> <a href=\"https:\/\/www.talleragreste.cl\/\" target=\"_blank\" rel=\"noopener\">https:\/\/www.talleragreste.cl\/<\/a><\/li>\n<\/ul>\n<\/div><\/div><\/div><div class=\"fusion-panel panel-default fusion-toggle-no-divider fusion-toggle-boxed-mode\"><div class=\"panel-heading\"><h4 class=\"panel-title toggle\"><a aria-expanded=\"false\" aria-controls=\"e5cc2936180054fbf\" role=\"button\" data-toggle=\"collapse\" data-parent=\"#accordion-828-2\" data-target=\"#e5cc2936180054fbf\" href=\"#e5cc2936180054fbf\"><span class=\"fusion-toggle-icon-wrapper\" aria-hidden=\"true\"><i class=\"fa-fusion-box\" aria-hidden=\"true\"><\/i><\/span><span class=\"fusion-toggle-heading\">VIAJA en Bici<\/span><\/a><\/h4><\/div><div id=\"e5cc2936180054fbf\" class=\"panel-collapse collapse \"><div class=\"panel-body toggle-content fusion-clearfix\">\n<ul>\n<li><strong>RUBRO:<\/strong> Pr\u00e1ctica Profesional. Estudiante de Dise\u00f1o Industrial para el Desarrollo de Prototipos de Racks en tuber\u00edas de Acero Inoxidable para Bicicletas. Ideal manejo nivel medio de Autodesk Inventor . Excluyentes: Que sea Ciclista.<\/li>\n<li><strong>CIUDAD:<\/strong> Concepci\u00f3n<\/li>\n<li><strong>ENCARGADO:<\/strong> Alberto Lobos Amin<\/li>\n<li><strong>TEL\u00c9FONO: <\/strong>+56990466495<\/li>\n<li><strong>CORREO ELECTR\u00d3NICO: <a href=\"mailto:contacto@viajaenbici.cl\" target=\"_blank\" rel=\"noopener\">contacto@viajaenbici.cl<\/a><\/strong><\/li>\n<li><strong>P\u00c1GINA WEB: <a href=\"https:\/\/www.instagram.com\/viajaenbici.cl\/\">@viajaenbici.cl <\/a><\/strong><\/li>\n<\/ul>\n<\/div><\/div><\/div><div class=\"fusion-panel panel-default fusion-toggle-no-divider fusion-toggle-boxed-mode\"><div class=\"panel-heading\"><h4 class=\"panel-title toggle\"><a aria-expanded=\"false\" aria-controls=\"bd02466be1c8e4e1a\" role=\"button\" data-toggle=\"collapse\" data-parent=\"#accordion-828-2\" data-target=\"#bd02466be1c8e4e1a\" href=\"#bd02466be1c8e4e1a\"><span class=\"fusion-toggle-icon-wrapper\" aria-hidden=\"true\"><i class=\"fa-fusion-box\" aria-hidden=\"true\"><\/i><\/span><span class=\"fusion-toggle-heading\">SMARTELEC<\/span><\/a><\/h4><\/div><div id=\"bd02466be1c8e4e1a\" class=\"panel-collapse collapse \"><div class=\"panel-body toggle-content fusion-clearfix\">\n<ul>\n<li><strong>RUBRO:<\/strong> Productos de Seguridad<\/li>\n<li><strong>CIUDAD:<\/strong> Concepci\u00f3n<\/li>\n<li><strong>ENCARGADO:<\/strong> Claudio Salazar<\/li>\n<li><strong>TEL\u00c9FONO:<\/strong> +56 9 948086043<\/li>\n<li><strong>CORREO ELECTR\u00d3NICO: <a href=\"mailto:francisca.ravanal@conaf.cl\" target=\"_blank\" rel=\"noopener\">administracion@smartelec.cl , csalazar@smartelec.cl<\/a><\/strong><\/li>\n<li><strong>P\u00c1GINA WEB:<\/strong> <a href=\"https:\/\/www.conaf.cl\/\" target=\"_blank\" rel=\"noopener\" data-saferedirecturl=\"https:\/\/www.google.com\/url?q=https:\/\/www.conaf.cl\/&amp;source=gmail&amp;ust=1640199079414000&amp;usg=AOvVaw0KFe4kFG2v9xPNWkg6zHLd\">www.smartelec.cl<\/a><\/li>\n<\/ul>\n<\/div><\/div><\/div><\/div><\/div><\/div><style type=\"text\/css\">.fusion-body .fusion-builder-column-2{width:50% !important;margin-top : 0px;margin-bottom : 20px;}.fusion-builder-column-2 > .fusion-column-wrapper {padding-top : 0px !important;padding-right : 0px !important;margin-right : 3.84%;padding-bottom : 0px !important;padding-left : 0px !important;margin-left : 3.84%;}@media only screen and (max-width:1024px) {.fusion-body .fusion-builder-column-2{width:50% !important;order : 0;}.fusion-builder-column-2 > .fusion-column-wrapper {margin-right : 3.84%;margin-left : 3.84%;}}@media only screen and (max-width:640px) {.fusion-body .fusion-builder-column-2{width:100% !important;order : 0;}.fusion-builder-column-2 > .fusion-column-wrapper {margin-right : 1.92%;margin-left : 1.92%;}}<\/style><\/div><\/div><style type=\"text\/css\">.fusion-body .fusion-flex-container.fusion-builder-row-2{ padding-top : 0px;margin-top : 0px;padding-right : 0px;padding-bottom : 0px;margin-bottom : 0px;padding-left : 0px;}<\/style><\/div><\/p>\n","protected":false},"excerpt":{"rendered":"","protected":false},"author":1,"featured_media":0,"parent":0,"menu_order":0,"comment_status":"closed","ping_status":"closed","template":"","meta":{"spay_email":""},"yoast_head":"<!-- This site is optimized with the Yoast SEO plugin v16.8 - https:\/\/yoast.com\/wordpress\/plugins\/seo\/ -->\n<title>CENTROS DE PR\u00c1CTICA &bull; Escuela Dise\u00f1o Industrial<\/title>\n<meta name=\"robots\" content=\"index, follow, max-snippet:-1, max-image-preview:large, max-video-preview:-1\" \/>\n<link rel=\"canonical\" href=\"http:\/\/edi.ubiobio.cl\/?page_id=828\" \/>\n<meta property=\"og:locale\" content=\"es_ES\" \/>\n<meta property=\"og:type\" content=\"article\" \/>\n<meta property=\"og:title\" content=\"CENTROS DE PR\u00c1CTICA &bull; Escuela Dise\u00f1o Industrial\" \/>\n<meta property=\"og:url\" content=\"http:\/\/edi.ubiobio.cl\/?page_id=828\" \/>\n<meta property=\"og:site_name\" content=\"Escuela Dise\u00f1o Industrial\" \/>\n<meta property=\"article:publisher\" content=\"https:\/\/www.facebook.com\/EDI.UBB\" \/>\n<meta property=\"article:modified_time\" content=\"2023-11-15T17:02:43+00:00\" \/>\n<meta name=\"twitter:card\" content=\"summary_large_image\" \/>\n<meta name=\"twitter:label1\" content=\"Tiempo de lectura\" \/>\n\t<meta name=\"twitter:data1\" content=\"5 minutos\" \/>\n<script type=\"application\/ld+json\" class=\"yoast-schema-graph\">{\"@context\":\"https:\/\/schema.org\",\"@graph\":[{\"@type\":\"Organization\",\"@id\":\"https:\/\/edi.ubiobio.cl\/#organization\",\"name\":\"Escuela de Dise\\u00f1o Industrial UBB\",\"url\":\"https:\/\/edi.ubiobio.cl\/\",\"sameAs\":[\"https:\/\/www.facebook.com\/EDI.UBB\",\"https:\/\/www.instagram.com\/disenoindustrialubb\/\",\"https:\/\/www.youtube.com\/channel\/UC7p_ldfiYRE3baHPJ7yLudw\"],\"logo\":{\"@type\":\"ImageObject\",\"@id\":\"https:\/\/edi.ubiobio.cl\/#logo\",\"inLanguage\":\"es\",\"url\":\"http:\/\/edi.ubiobio.cl\/wp-content\/uploads\/2020\/11\/edicolor2b.svg\",\"contentUrl\":\"http:\/\/edi.ubiobio.cl\/wp-content\/uploads\/2020\/11\/edicolor2b.svg\",\"width\":310,\"height\":61,\"caption\":\"Escuela de Dise\\u00f1o Industrial UBB\"},\"image\":{\"@id\":\"https:\/\/edi.ubiobio.cl\/#logo\"}},{\"@type\":\"WebSite\",\"@id\":\"https:\/\/edi.ubiobio.cl\/#website\",\"url\":\"https:\/\/edi.ubiobio.cl\/\",\"name\":\"Escuela Dise\\u00f1o Industrial\",\"description\":\"Universidad del B\\u00edo-B\\u00edo\",\"publisher\":{\"@id\":\"https:\/\/edi.ubiobio.cl\/#organization\"},\"potentialAction\":[{\"@type\":\"SearchAction\",\"target\":{\"@type\":\"EntryPoint\",\"urlTemplate\":\"https:\/\/edi.ubiobio.cl\/?s={search_term_string}\"},\"query-input\":\"required name=search_term_string\"}],\"inLanguage\":\"es\"},{\"@type\":\"WebPage\",\"@id\":\"http:\/\/edi.ubiobio.cl\/?page_id=828#webpage\",\"url\":\"http:\/\/edi.ubiobio.cl\/?page_id=828\",\"name\":\"CENTROS DE PR\\u00c1CTICA &bull; Escuela Dise\\u00f1o Industrial\",\"isPartOf\":{\"@id\":\"https:\/\/edi.ubiobio.cl\/#website\"},\"datePublished\":\"2023-10-25T00:42:43+00:00\",\"dateModified\":\"2023-11-15T17:02:43+00:00\",\"breadcrumb\":{\"@id\":\"http:\/\/edi.ubiobio.cl\/?page_id=828#breadcrumb\"},\"inLanguage\":\"es\",\"potentialAction\":[{\"@type\":\"ReadAction\",\"target\":[\"http:\/\/edi.ubiobio.cl\/?page_id=828\"]}]},{\"@type\":\"BreadcrumbList\",\"@id\":\"http:\/\/edi.ubiobio.cl\/?page_id=828#breadcrumb\",\"itemListElement\":[{\"@type\":\"ListItem\",\"position\":1,\"name\":\"Portada\",\"item\":\"https:\/\/edi.ubiobio.cl\/\"},{\"@type\":\"ListItem\",\"position\":2,\"name\":\"CENTROS DE PR\\u00c1CTICA\"}]}]}<\/script>\n<!-- \/ Yoast SEO plugin. -->","yoast_head_json":{"title":"CENTROS DE PR\u00c1CTICA &bull; Escuela Dise\u00f1o Industrial","robots":{"index":"index","follow":"follow","max-snippet":"max-snippet:-1","max-image-preview":"max-image-preview:large","max-video-preview":"max-video-preview:-1"},"canonical":"http:\/\/edi.ubiobio.cl\/?page_id=828","og_locale":"es_ES","og_type":"article","og_title":"CENTROS DE PR\u00c1CTICA &bull; Escuela Dise\u00f1o Industrial","og_url":"http:\/\/edi.ubiobio.cl\/?page_id=828","og_site_name":"Escuela Dise\u00f1o Industrial","article_publisher":"https:\/\/www.facebook.com\/EDI.UBB","article_modified_time":"2023-11-15T17:02:43+00:00","twitter_card":"summary_large_image","twitter_misc":{"Tiempo de lectura":"5 minutos"},"schema":{"@context":"https:\/\/schema.org","@graph":[{"@type":"Organization","@id":"https:\/\/edi.ubiobio.cl\/#organization","name":"Escuela de Dise\u00f1o Industrial UBB","url":"https:\/\/edi.ubiobio.cl\/","sameAs":["https:\/\/www.facebook.com\/EDI.UBB","https:\/\/www.instagram.com\/disenoindustrialubb\/","https:\/\/www.youtube.com\/channel\/UC7p_ldfiYRE3baHPJ7yLudw"],"logo":{"@type":"ImageObject","@id":"https:\/\/edi.ubiobio.cl\/#logo","inLanguage":"es","url":"http:\/\/edi.ubiobio.cl\/wp-content\/uploads\/2020\/11\/edicolor2b.svg","contentUrl":"http:\/\/edi.ubiobio.cl\/wp-content\/uploads\/2020\/11\/edicolor2b.svg","width":310,"height":61,"caption":"Escuela de Dise\u00f1o Industrial UBB"},"image":{"@id":"https:\/\/edi.ubiobio.cl\/#logo"}},{"@type":"WebSite","@id":"https:\/\/edi.ubiobio.cl\/#website","url":"https:\/\/edi.ubiobio.cl\/","name":"Escuela Dise\u00f1o Industrial","description":"Universidad del B\u00edo-B\u00edo","publisher":{"@id":"https:\/\/edi.ubiobio.cl\/#organization"},"potentialAction":[{"@type":"SearchAction","target":{"@type":"EntryPoint","urlTemplate":"https:\/\/edi.ubiobio.cl\/?s={search_term_string}"},"query-input":"required name=search_term_string"}],"inLanguage":"es"},{"@type":"WebPage","@id":"http:\/\/edi.ubiobio.cl\/?page_id=828#webpage","url":"http:\/\/edi.ubiobio.cl\/?page_id=828","name":"CENTROS DE PR\u00c1CTICA &bull; Escuela Dise\u00f1o Industrial","isPartOf":{"@id":"https:\/\/edi.ubiobio.cl\/#website"},"datePublished":"2023-10-25T00:42:43+00:00","dateModified":"2023-11-15T17:02:43+00:00","breadcrumb":{"@id":"http:\/\/edi.ubiobio.cl\/?page_id=828#breadcrumb"},"inLanguage":"es","potentialAction":[{"@type":"ReadAction","target":["http:\/\/edi.ubiobio.cl\/?page_id=828"]}]},{"@type":"BreadcrumbList","@id":"http:\/\/edi.ubiobio.cl\/?page_id=828#breadcrumb","itemListElement":[{"@type":"ListItem","position":1,"name":"Portada","item":"https:\/\/edi.ubiobio.cl\/"},{"@type":"ListItem","position":2,"name":"CENTROS DE PR\u00c1CTICA"}]}]}},"jetpack_sharing_enabled":true,"_links":{"self":[{"href":"http:\/\/edi.ubiobio.cl\/index.php?rest_route=\/wp\/v2\/pages\/828"}],"collection":[{"href":"http:\/\/edi.ubiobio.cl\/index.php?rest_route=\/wp\/v2\/pages"}],"about":[{"href":"http:\/\/edi.ubiobio.cl\/index.php?rest_route=\/wp\/v2\/types\/page"}],"author":[{"embeddable":true,"href":"http:\/\/edi.ubiobio.cl\/index.php?rest_route=\/wp\/v2\/users\/1"}],"replies":[{"embeddable":true,"href":"http:\/\/edi.ubiobio.cl\/index.php?rest_route=%2Fwp%2Fv2%2Fcomments&post=828"}],"version-history":[{"count":9,"href":"http:\/\/edi.ubiobio.cl\/index.php?rest_route=\/wp\/v2\/pages\/828\/revisions"}],"predecessor-version":[{"id":849,"href":"http:\/\/edi.ubiobio.cl\/index.php?rest_route=\/wp\/v2\/pages\/828\/revisions\/849"}],"wp:attachment":[{"href":"http:\/\/edi.ubiobio.cl\/index.php?rest_route=%2Fwp%2Fv2%2Fmedia&parent=828"}],"curies":[{"name":"wp","href":"https:\/\/api.w.org\/{rel}","templated":true}]}}