{"id":438,"date":"2021-05-21T13:56:12","date_gmt":"2021-05-21T17:56:12","guid":{"rendered":"http:\/\/edi.ubiobio.cl\/?page_id=438"},"modified":"2021-11-04T19:35:08","modified_gmt":"2021-11-04T22:35:08","slug":"egresados","status":"publish","type":"page","link":"http:\/\/edi.ubiobio.cl\/?page_id=438","title":{"rendered":"EGRESADOS"},"content":{"rendered":"<div class=\"fusion-fullwidth fullwidth-box fusion-builder-row-1 fusion-flex-container nonhundred-percent-fullwidth non-hundred-percent-height-scrolling\" style=\"background-color: rgba(255,255,255,0);background-position: center center;background-repeat: no-repeat;border-width: 0px 0px 0px 0px;border-color:#e2e2e2;border-style:solid;\" ><div class=\"fusion-builder-row fusion-row fusion-flex-align-items-flex-start\" style=\"max-width:1248px;margin-left: calc(-4% \/ 2 );margin-right: calc(-4% \/ 2 );\"><div class=\"fusion-layout-column fusion_builder_column fusion-builder-column-0 fusion_builder_column_1_1 1_1 fusion-flex-column\"><div class=\"fusion-column-wrapper fusion-flex-justify-content-flex-start fusion-content-layout-column\" style=\"background-position:left top;background-repeat:no-repeat;-webkit-background-size:cover;-moz-background-size:cover;-o-background-size:cover;background-size:cover;padding: 0px 0px 0px 0px;\"><style type=\"text\/css\">.fusion-portfolio-wrapper#fusion-portfolio-1 .fusion-portfolio-content{  text-align: left; }<\/style><div class=\"fusion-recent-works fusion-portfolio-element fusion-portfolio fusion-portfolio-1 fusion-portfolio-grid fusion-portfolio-paging-load-more-button fusion-portfolio-three fusion-portfolio-unboxed fusion-portfolio-text fusion-portfolio-equal-heights fusion-portfolio-rollover\" data-id=\"-rw-1\" data-columns=\"three\"><style type=\"text\/css\">.fusion-portfolio-1 .fusion-portfolio-wrapper .fusion-col-spacing{padding:10.5px;}<\/style><div class=\"fusion-portfolio-wrapper\" id=\"fusion-portfolio-1\" data-picturesize=\"auto\" data-pages=\"1\" style=\"margin:-10.5px;\"><article id=\"portfolio-1-post-748\" class=\"fusion-portfolio-post egresados fusion-col-spacing post-748\"><div class=\"fusion-portfolio-content-wrapper\" style=\"border:none;\"><span class=\"vcard rich-snippet-hidden\"><span class=\"fn\"><a href=\"http:\/\/edi.ubiobio.cl\/?author=1\" title=\"Entradas de ediadm\" rel=\"author\">ediadm<\/a><\/span><\/span><span class=\"updated rich-snippet-hidden\">2021-11-04T20:14:20-03:00<\/span><div  class=\"fusion-image-wrapper\" aria-haspopup=\"true\">\n\t\t\t\t  <img width=\"2448\" height=\"2448\" src=\"http:\/\/edi.ubiobio.cl\/wp-content\/uploads\/2021\/11\/6181beb523d34.jpg\" class=\"attachment-full size-full wp-post-image\" alt=\"\" srcset=\"http:\/\/edi.ubiobio.cl\/wp-content\/uploads\/2021\/11\/6181beb523d34-200x200.jpg 200w, http:\/\/edi.ubiobio.cl\/wp-content\/uploads\/2021\/11\/6181beb523d34-400x400.jpg 400w, http:\/\/edi.ubiobio.cl\/wp-content\/uploads\/2021\/11\/6181beb523d34-600x600.jpg 600w, http:\/\/edi.ubiobio.cl\/wp-content\/uploads\/2021\/11\/6181beb523d34-800x800.jpg 800w, http:\/\/edi.ubiobio.cl\/wp-content\/uploads\/2021\/11\/6181beb523d34-1200x1200.jpg 1200w, http:\/\/edi.ubiobio.cl\/wp-content\/uploads\/2021\/11\/6181beb523d34.jpg 2448w\" sizes=\"(min-width: 2200px) 100vw, (min-width: 784px) 386px, (min-width: 712px) 579px, (min-width: 640px) 712px, \" \/><div class=\"fusion-rollover\">\n\t<div class=\"fusion-rollover-content\">\n\n\t\t\t\t\t\t\t\t\t\t\t\t\t\t<a class=\"fusion-rollover-link\" href=\"http:\/\/edi.ubiobio.cl\/?avada_portfolio=sandra-elizabeth-vergara-isla&portfolioCats=11\">Sandra Elizabeth Vergara Isla<\/a>\n\t\t\t\n\t\t\t\t\t\t\t\t\n\t\t\n\t\t\t\t\t\t\t\t\n\t\t\t\t\t\t\t\t\n\t\t\n\t\t\t\t\t\t<a class=\"fusion-link-wrapper\" href=\"http:\/\/edi.ubiobio.cl\/?avada_portfolio=sandra-elizabeth-vergara-isla&portfolioCats=11\" aria-label=\"Sandra Elizabeth Vergara Isla\"><\/a>\n\t<\/div>\n<\/div>\n<\/div>\n<div class=\"fusion-portfolio-content\"><h2 class=\"entry-title fusion-post-title\"><a href=\"http:\/\/edi.ubiobio.cl\/?avada_portfolio=sandra-elizabeth-vergara-isla&portfolioCats=11\">Sandra Elizabeth Vergara Isla<\/a><\/h2><div class=\"fusion-post-content\"><\/div><\/div><\/div><\/article><article id=\"portfolio-1-post-743\" class=\"fusion-portfolio-post egresados fusion-col-spacing post-743\"><div class=\"fusion-portfolio-content-wrapper\" style=\"border:none;\"><span class=\"vcard rich-snippet-hidden\"><span class=\"fn\"><a href=\"http:\/\/edi.ubiobio.cl\/?author=1\" title=\"Entradas de ediadm\" rel=\"author\">ediadm<\/a><\/span><\/span><span class=\"updated rich-snippet-hidden\">2021-11-04T20:03:17-03:00<\/span><div  class=\"fusion-image-wrapper\" aria-haspopup=\"true\">\n\t\t\t\t  <img width=\"800\" height=\"800\" src=\"http:\/\/edi.ubiobio.cl\/wp-content\/uploads\/2021\/11\/618280eaeb9e2-1.jpg\" class=\"attachment-full size-full wp-post-image\" alt=\"\" srcset=\"http:\/\/edi.ubiobio.cl\/wp-content\/uploads\/2021\/11\/618280eaeb9e2-1-200x200.jpg 200w, http:\/\/edi.ubiobio.cl\/wp-content\/uploads\/2021\/11\/618280eaeb9e2-1-400x400.jpg 400w, http:\/\/edi.ubiobio.cl\/wp-content\/uploads\/2021\/11\/618280eaeb9e2-1-600x600.jpg 600w, http:\/\/edi.ubiobio.cl\/wp-content\/uploads\/2021\/11\/618280eaeb9e2-1.jpg 800w\" sizes=\"(min-width: 2200px) 100vw, (min-width: 784px) 386px, (min-width: 712px) 579px, (min-width: 640px) 712px, \" \/><div class=\"fusion-rollover\">\n\t<div class=\"fusion-rollover-content\">\n\n\t\t\t\t\t\t\t\t\t\t\t\t\t\t<a class=\"fusion-rollover-link\" href=\"http:\/\/edi.ubiobio.cl\/?avada_portfolio=paula-jaime-mendez&portfolioCats=11\">Paula Jaime M\u00e9ndez<\/a>\n\t\t\t\n\t\t\t\t\t\t\t\t\n\t\t\n\t\t\t\t\t\t\t\t\n\t\t\t\t\t\t\t\t\n\t\t\n\t\t\t\t\t\t<a class=\"fusion-link-wrapper\" href=\"http:\/\/edi.ubiobio.cl\/?avada_portfolio=paula-jaime-mendez&portfolioCats=11\" aria-label=\"Paula Jaime M\u00e9ndez\"><\/a>\n\t<\/div>\n<\/div>\n<\/div>\n<div class=\"fusion-portfolio-content\"><h2 class=\"entry-title fusion-post-title\"><a href=\"http:\/\/edi.ubiobio.cl\/?avada_portfolio=paula-jaime-mendez&portfolioCats=11\">Paula Jaime M\u00e9ndez<\/a><\/h2><div class=\"fusion-post-content\"><\/div><\/div><\/div><\/article><article id=\"portfolio-1-post-734\" class=\"fusion-portfolio-post egresados fusion-col-spacing post-734\"><div class=\"fusion-portfolio-content-wrapper\" style=\"border:none;\"><span class=\"vcard rich-snippet-hidden\"><span class=\"fn\"><a href=\"http:\/\/edi.ubiobio.cl\/?author=1\" title=\"Entradas de ediadm\" rel=\"author\">ediadm<\/a><\/span><\/span><span class=\"updated rich-snippet-hidden\">2021-11-04T19:48:27-03:00<\/span><div  class=\"fusion-image-wrapper\" aria-haspopup=\"true\">\n\t\t\t\t  <img width=\"1200\" height=\"1196\" src=\"http:\/\/edi.ubiobio.cl\/wp-content\/uploads\/2021\/11\/617e2e92936e4.jpg\" class=\"attachment-full size-full wp-post-image\" alt=\"\" srcset=\"http:\/\/edi.ubiobio.cl\/wp-content\/uploads\/2021\/11\/617e2e92936e4-200x199.jpg 200w, http:\/\/edi.ubiobio.cl\/wp-content\/uploads\/2021\/11\/617e2e92936e4-400x399.jpg 400w, http:\/\/edi.ubiobio.cl\/wp-content\/uploads\/2021\/11\/617e2e92936e4-600x598.jpg 600w, http:\/\/edi.ubiobio.cl\/wp-content\/uploads\/2021\/11\/617e2e92936e4-800x797.jpg 800w, http:\/\/edi.ubiobio.cl\/wp-content\/uploads\/2021\/11\/617e2e92936e4.jpg 1200w\" sizes=\"(min-width: 2200px) 100vw, (min-width: 784px) 386px, (min-width: 712px) 579px, (min-width: 640px) 712px, \" \/><div class=\"fusion-rollover\">\n\t<div class=\"fusion-rollover-content\">\n\n\t\t\t\t\t\t\t\t\t\t\t\t\t\t<a class=\"fusion-rollover-link\" href=\"http:\/\/edi.ubiobio.cl\/?avada_portfolio=serge-andres-campillay-coma&portfolioCats=11\">Serge Andr\u00e9s Campillay Coma<\/a>\n\t\t\t\n\t\t\t\t\t\t\t\t\n\t\t\n\t\t\t\t\t\t\t\t\n\t\t\t\t\t\t\t\t\n\t\t\n\t\t\t\t\t\t<a class=\"fusion-link-wrapper\" href=\"http:\/\/edi.ubiobio.cl\/?avada_portfolio=serge-andres-campillay-coma&portfolioCats=11\" aria-label=\"Serge Andr\u00e9s Campillay Coma\"><\/a>\n\t<\/div>\n<\/div>\n<\/div>\n<div class=\"fusion-portfolio-content\"><h2 class=\"entry-title fusion-post-title\"><a href=\"http:\/\/edi.ubiobio.cl\/?avada_portfolio=serge-andres-campillay-coma&portfolioCats=11\">Serge Andr\u00e9s Campillay Coma<\/a><\/h2><div class=\"fusion-post-content\"><\/div><\/div><\/div><\/article><article id=\"portfolio-1-post-724\" class=\"fusion-portfolio-post egresados fusion-col-spacing post-724\"><div class=\"fusion-portfolio-content-wrapper\" style=\"border:none;\"><span class=\"vcard rich-snippet-hidden\"><span class=\"fn\"><a href=\"http:\/\/edi.ubiobio.cl\/?author=1\" title=\"Entradas de ediadm\" rel=\"author\">ediadm<\/a><\/span><\/span><span class=\"updated rich-snippet-hidden\">2021-11-04T19:33:48-03:00<\/span><div  class=\"fusion-image-wrapper\" aria-haspopup=\"true\">\n\t\t\t\t  <img width=\"1440\" height=\"1440\" src=\"http:\/\/edi.ubiobio.cl\/wp-content\/uploads\/2021\/11\/617c53ce55f20.jpg\" class=\"attachment-full size-full wp-post-image\" alt=\"\" srcset=\"http:\/\/edi.ubiobio.cl\/wp-content\/uploads\/2021\/11\/617c53ce55f20-200x200.jpg 200w, http:\/\/edi.ubiobio.cl\/wp-content\/uploads\/2021\/11\/617c53ce55f20-400x400.jpg 400w, http:\/\/edi.ubiobio.cl\/wp-content\/uploads\/2021\/11\/617c53ce55f20-600x600.jpg 600w, http:\/\/edi.ubiobio.cl\/wp-content\/uploads\/2021\/11\/617c53ce55f20-800x800.jpg 800w, http:\/\/edi.ubiobio.cl\/wp-content\/uploads\/2021\/11\/617c53ce55f20-1200x1200.jpg 1200w, http:\/\/edi.ubiobio.cl\/wp-content\/uploads\/2021\/11\/617c53ce55f20.jpg 1440w\" sizes=\"(min-width: 2200px) 100vw, (min-width: 784px) 386px, (min-width: 712px) 579px, (min-width: 640px) 712px, \" \/><div class=\"fusion-rollover\">\n\t<div class=\"fusion-rollover-content\">\n\n\t\t\t\t\t\t\t\t\t\t\t\t\t\t<a class=\"fusion-rollover-link\" href=\"http:\/\/edi.ubiobio.cl\/?avada_portfolio=daniel-rodriguez-v&portfolioCats=11\">Daniel Rodr\u00edguez V.<\/a>\n\t\t\t\n\t\t\t\t\t\t\t\t\n\t\t\n\t\t\t\t\t\t\t\t\n\t\t\t\t\t\t\t\t\n\t\t\n\t\t\t\t\t\t<a class=\"fusion-link-wrapper\" href=\"http:\/\/edi.ubiobio.cl\/?avada_portfolio=daniel-rodriguez-v&portfolioCats=11\" aria-label=\"Daniel Rodr\u00edguez V.\"><\/a>\n\t<\/div>\n<\/div>\n<\/div>\n<div class=\"fusion-portfolio-content\"><h2 class=\"entry-title fusion-post-title\"><a href=\"http:\/\/edi.ubiobio.cl\/?avada_portfolio=daniel-rodriguez-v&portfolioCats=11\">Daniel Rodr\u00edguez V.<\/a><\/h2><div class=\"fusion-post-content\"><\/div><\/div><\/div><\/article><article id=\"portfolio-1-post-716\" class=\"fusion-portfolio-post egresados fusion-col-spacing post-716\"><div class=\"fusion-portfolio-content-wrapper\" style=\"border:none;\"><span class=\"vcard rich-snippet-hidden\"><span class=\"fn\"><a href=\"http:\/\/edi.ubiobio.cl\/?author=1\" title=\"Entradas de ediadm\" rel=\"author\">ediadm<\/a><\/span><\/span><span class=\"updated rich-snippet-hidden\">2021-11-04T19:24:10-03:00<\/span><div  class=\"fusion-image-wrapper\" aria-haspopup=\"true\">\n\t\t\t\t  <img width=\"1298\" height=\"1298\" src=\"http:\/\/edi.ubiobio.cl\/wp-content\/uploads\/2021\/11\/617c074e7b0e4.png\" class=\"attachment-full size-full wp-post-image\" alt=\"\" srcset=\"http:\/\/edi.ubiobio.cl\/wp-content\/uploads\/2021\/11\/617c074e7b0e4-200x200.png 200w, http:\/\/edi.ubiobio.cl\/wp-content\/uploads\/2021\/11\/617c074e7b0e4-400x400.png 400w, http:\/\/edi.ubiobio.cl\/wp-content\/uploads\/2021\/11\/617c074e7b0e4-600x600.png 600w, http:\/\/edi.ubiobio.cl\/wp-content\/uploads\/2021\/11\/617c074e7b0e4-800x800.png 800w, http:\/\/edi.ubiobio.cl\/wp-content\/uploads\/2021\/11\/617c074e7b0e4-1200x1200.png 1200w, http:\/\/edi.ubiobio.cl\/wp-content\/uploads\/2021\/11\/617c074e7b0e4.png 1298w\" sizes=\"(min-width: 2200px) 100vw, (min-width: 784px) 386px, (min-width: 712px) 579px, (min-width: 640px) 712px, \" \/><div class=\"fusion-rollover\">\n\t<div class=\"fusion-rollover-content\">\n\n\t\t\t\t\t\t\t\t\t\t\t\t\t\t<a class=\"fusion-rollover-link\" href=\"http:\/\/edi.ubiobio.cl\/?avada_portfolio=pablo-olivera&portfolioCats=11\">Pablo Olivera<\/a>\n\t\t\t\n\t\t\t\t\t\t\t\t\n\t\t\n\t\t\t\t\t\t\t\t\n\t\t\t\t\t\t\t\t\n\t\t\n\t\t\t\t\t\t<a class=\"fusion-link-wrapper\" href=\"http:\/\/edi.ubiobio.cl\/?avada_portfolio=pablo-olivera&portfolioCats=11\" aria-label=\"Pablo Olivera\"><\/a>\n\t<\/div>\n<\/div>\n<\/div>\n<div class=\"fusion-portfolio-content\"><h2 class=\"entry-title fusion-post-title\"><a href=\"http:\/\/edi.ubiobio.cl\/?avada_portfolio=pablo-olivera&portfolioCats=11\">Pablo Olivera<\/a><\/h2><div class=\"fusion-post-content\"><\/div><\/div><\/div><\/article><article id=\"portfolio-1-post-704\" class=\"fusion-portfolio-post egresados fusion-col-spacing post-704\"><div class=\"fusion-portfolio-content-wrapper\" style=\"border:none;\"><span class=\"vcard rich-snippet-hidden\"><span class=\"fn\"><a href=\"http:\/\/edi.ubiobio.cl\/?author=1\" title=\"Entradas de ediadm\" rel=\"author\">ediadm<\/a><\/span><\/span><span class=\"updated rich-snippet-hidden\">2021-10-27T20:06:56-03:00<\/span><div  class=\"fusion-image-wrapper\" aria-haspopup=\"true\">\n\t\t\t\t  <img width=\"2560\" height=\"2560\" src=\"http:\/\/edi.ubiobio.cl\/wp-content\/uploads\/2021\/10\/617953c746172-scaled.jpg\" class=\"attachment-full size-full wp-post-image\" alt=\"\" srcset=\"http:\/\/edi.ubiobio.cl\/wp-content\/uploads\/2021\/10\/617953c746172-200x200.jpg 200w, http:\/\/edi.ubiobio.cl\/wp-content\/uploads\/2021\/10\/617953c746172-400x400.jpg 400w, http:\/\/edi.ubiobio.cl\/wp-content\/uploads\/2021\/10\/617953c746172-600x600.jpg 600w, http:\/\/edi.ubiobio.cl\/wp-content\/uploads\/2021\/10\/617953c746172-800x800.jpg 800w, http:\/\/edi.ubiobio.cl\/wp-content\/uploads\/2021\/10\/617953c746172-1200x1200.jpg 1200w, http:\/\/edi.ubiobio.cl\/wp-content\/uploads\/2021\/10\/617953c746172-scaled.jpg 2560w\" sizes=\"(min-width: 2200px) 100vw, (min-width: 784px) 386px, (min-width: 712px) 579px, (min-width: 640px) 712px, \" \/><div class=\"fusion-rollover\">\n\t<div class=\"fusion-rollover-content\">\n\n\t\t\t\t\t\t\t\t\t\t\t\t\t\t<a class=\"fusion-rollover-link\" href=\"http:\/\/edi.ubiobio.cl\/?avada_portfolio=andres-castro&portfolioCats=11\">Andres Castro<\/a>\n\t\t\t\n\t\t\t\t\t\t\t\t\n\t\t\n\t\t\t\t\t\t\t\t\n\t\t\t\t\t\t\t\t\n\t\t\n\t\t\t\t\t\t<a class=\"fusion-link-wrapper\" href=\"http:\/\/edi.ubiobio.cl\/?avada_portfolio=andres-castro&portfolioCats=11\" aria-label=\"Andres Castro\"><\/a>\n\t<\/div>\n<\/div>\n<\/div>\n<div class=\"fusion-portfolio-content\"><h2 class=\"entry-title fusion-post-title\"><a href=\"http:\/\/edi.ubiobio.cl\/?avada_portfolio=andres-castro&portfolioCats=11\">Andres Castro<\/a><\/h2><div class=\"fusion-post-content\"><\/div><\/div><\/div><\/article><article id=\"portfolio-1-post-701\" class=\"fusion-portfolio-post egresados fusion-col-spacing post-701\"><div class=\"fusion-portfolio-content-wrapper\" style=\"border:none;\"><span class=\"vcard rich-snippet-hidden\"><span class=\"fn\"><a href=\"http:\/\/edi.ubiobio.cl\/?author=1\" title=\"Entradas de ediadm\" rel=\"author\">ediadm<\/a><\/span><\/span><span class=\"updated rich-snippet-hidden\">2021-10-27T19:52:47-03:00<\/span><div  class=\"fusion-image-wrapper\" aria-haspopup=\"true\">\n\t\t\t\t  <img width=\"1529\" height=\"1529\" src=\"http:\/\/edi.ubiobio.cl\/wp-content\/uploads\/2021\/10\/6175f39c16244.jpg\" class=\"attachment-full size-full wp-post-image\" alt=\"\" srcset=\"http:\/\/edi.ubiobio.cl\/wp-content\/uploads\/2021\/10\/6175f39c16244-200x200.jpg 200w, http:\/\/edi.ubiobio.cl\/wp-content\/uploads\/2021\/10\/6175f39c16244-400x400.jpg 400w, http:\/\/edi.ubiobio.cl\/wp-content\/uploads\/2021\/10\/6175f39c16244-600x600.jpg 600w, http:\/\/edi.ubiobio.cl\/wp-content\/uploads\/2021\/10\/6175f39c16244-800x800.jpg 800w, http:\/\/edi.ubiobio.cl\/wp-content\/uploads\/2021\/10\/6175f39c16244-1200x1200.jpg 1200w, http:\/\/edi.ubiobio.cl\/wp-content\/uploads\/2021\/10\/6175f39c16244.jpg 1529w\" sizes=\"(min-width: 2200px) 100vw, (min-width: 784px) 386px, (min-width: 712px) 579px, (min-width: 640px) 712px, \" \/><div class=\"fusion-rollover\">\n\t<div class=\"fusion-rollover-content\">\n\n\t\t\t\t\t\t\t\t\t\t\t\t\t\t<a class=\"fusion-rollover-link\" href=\"http:\/\/edi.ubiobio.cl\/?avada_portfolio=carla-zuniga&portfolioCats=11\">Carla Z\u00fa\u00f1iga<\/a>\n\t\t\t\n\t\t\t\t\t\t\t\t\n\t\t\n\t\t\t\t\t\t\t\t\n\t\t\t\t\t\t\t\t\n\t\t\n\t\t\t\t\t\t<a class=\"fusion-link-wrapper\" href=\"http:\/\/edi.ubiobio.cl\/?avada_portfolio=carla-zuniga&portfolioCats=11\" aria-label=\"Carla Z\u00fa\u00f1iga\"><\/a>\n\t<\/div>\n<\/div>\n<\/div>\n<div class=\"fusion-portfolio-content\"><h2 class=\"entry-title fusion-post-title\"><a href=\"http:\/\/edi.ubiobio.cl\/?avada_portfolio=carla-zuniga&portfolioCats=11\">Carla Z\u00fa\u00f1iga<\/a><\/h2><div class=\"fusion-post-content\"><\/div><\/div><\/div><\/article><article id=\"portfolio-1-post-698\" class=\"fusion-portfolio-post egresados fusion-col-spacing post-698\"><div class=\"fusion-portfolio-content-wrapper\" style=\"border:none;\"><span class=\"vcard rich-snippet-hidden\"><span class=\"fn\"><a href=\"http:\/\/edi.ubiobio.cl\/?author=1\" title=\"Entradas de ediadm\" rel=\"author\">ediadm<\/a><\/span><\/span><span class=\"updated rich-snippet-hidden\">2021-10-27T19:45:08-03:00<\/span><div  class=\"fusion-image-wrapper\" aria-haspopup=\"true\">\n\t\t\t\t  <img width=\"2048\" height=\"2048\" src=\"http:\/\/edi.ubiobio.cl\/wp-content\/uploads\/2021\/10\/616f8a7db1b7e.jpg\" class=\"attachment-full size-full wp-post-image\" alt=\"\" srcset=\"http:\/\/edi.ubiobio.cl\/wp-content\/uploads\/2021\/10\/616f8a7db1b7e-200x200.jpg 200w, http:\/\/edi.ubiobio.cl\/wp-content\/uploads\/2021\/10\/616f8a7db1b7e-400x400.jpg 400w, http:\/\/edi.ubiobio.cl\/wp-content\/uploads\/2021\/10\/616f8a7db1b7e-600x600.jpg 600w, http:\/\/edi.ubiobio.cl\/wp-content\/uploads\/2021\/10\/616f8a7db1b7e-800x800.jpg 800w, http:\/\/edi.ubiobio.cl\/wp-content\/uploads\/2021\/10\/616f8a7db1b7e-1200x1200.jpg 1200w, http:\/\/edi.ubiobio.cl\/wp-content\/uploads\/2021\/10\/616f8a7db1b7e.jpg 2048w\" sizes=\"(min-width: 2200px) 100vw, (min-width: 784px) 386px, (min-width: 712px) 579px, (min-width: 640px) 712px, \" \/><div class=\"fusion-rollover\">\n\t<div class=\"fusion-rollover-content\">\n\n\t\t\t\t\t\t\t\t\t\t\t\t\t\t<a class=\"fusion-rollover-link\" href=\"http:\/\/edi.ubiobio.cl\/?avada_portfolio=cintya-gajardo-vejar&portfolioCats=11\">Cintya Gajardo Vejar<\/a>\n\t\t\t\n\t\t\t\t\t\t\t\t\n\t\t\n\t\t\t\t\t\t\t\t\n\t\t\t\t\t\t\t\t\n\t\t\n\t\t\t\t\t\t<a class=\"fusion-link-wrapper\" href=\"http:\/\/edi.ubiobio.cl\/?avada_portfolio=cintya-gajardo-vejar&portfolioCats=11\" aria-label=\"Cintya Gajardo Vejar\"><\/a>\n\t<\/div>\n<\/div>\n<\/div>\n<div class=\"fusion-portfolio-content\"><h2 class=\"entry-title fusion-post-title\"><a href=\"http:\/\/edi.ubiobio.cl\/?avada_portfolio=cintya-gajardo-vejar&portfolioCats=11\">Cintya Gajardo Vejar<\/a><\/h2><div class=\"fusion-post-content\"><\/div><\/div><\/div><\/article><article id=\"portfolio-1-post-688\" class=\"fusion-portfolio-post egresados fusion-col-spacing post-688\"><div class=\"fusion-portfolio-content-wrapper\" style=\"border:none;\"><span class=\"vcard rich-snippet-hidden\"><span class=\"fn\"><a href=\"http:\/\/edi.ubiobio.cl\/?author=1\" title=\"Entradas de ediadm\" rel=\"author\">ediadm<\/a><\/span><\/span><span class=\"updated rich-snippet-hidden\">2021-10-27T20:09:20-03:00<\/span><div  class=\"fusion-image-wrapper\" aria-haspopup=\"true\">\n\t\t\t\t  <img width=\"540\" height=\"540\" src=\"http:\/\/edi.ubiobio.cl\/wp-content\/uploads\/2021\/10\/616ef525d32c5-1.jpg\" class=\"attachment-full size-full wp-post-image\" alt=\"\" srcset=\"http:\/\/edi.ubiobio.cl\/wp-content\/uploads\/2021\/10\/616ef525d32c5-1-200x200.jpg 200w, http:\/\/edi.ubiobio.cl\/wp-content\/uploads\/2021\/10\/616ef525d32c5-1-400x400.jpg 400w, http:\/\/edi.ubiobio.cl\/wp-content\/uploads\/2021\/10\/616ef525d32c5-1.jpg 540w\" sizes=\"(min-width: 2200px) 100vw, (min-width: 784px) 386px, (min-width: 712px) 579px, (min-width: 640px) 712px, \" \/><div class=\"fusion-rollover\">\n\t<div class=\"fusion-rollover-content\">\n\n\t\t\t\t\t\t\t\t\t\t\t\t\t\t<a class=\"fusion-rollover-link\" href=\"http:\/\/edi.ubiobio.cl\/?avada_portfolio=pablo-saavedra-needham&portfolioCats=11\">Pablo Saavedra Needham<\/a>\n\t\t\t\n\t\t\t\t\t\t\t\t\n\t\t\n\t\t\t\t\t\t\t\t\n\t\t\t\t\t\t\t\t\n\t\t\n\t\t\t\t\t\t<a class=\"fusion-link-wrapper\" href=\"http:\/\/edi.ubiobio.cl\/?avada_portfolio=pablo-saavedra-needham&portfolioCats=11\" aria-label=\"Pablo Saavedra Needham\"><\/a>\n\t<\/div>\n<\/div>\n<\/div>\n<div class=\"fusion-portfolio-content\"><h2 class=\"entry-title fusion-post-title\"><a href=\"http:\/\/edi.ubiobio.cl\/?avada_portfolio=pablo-saavedra-needham&portfolioCats=11\">Pablo Saavedra Needham<\/a><\/h2><div class=\"fusion-post-content\"><\/div><\/div><\/div><\/article><article id=\"portfolio-1-post-673\" class=\"fusion-portfolio-post egresados fusion-col-spacing post-673\"><div class=\"fusion-portfolio-content-wrapper\" style=\"border:none;\"><span class=\"vcard rich-snippet-hidden\"><span class=\"fn\"><a href=\"http:\/\/edi.ubiobio.cl\/?author=1\" title=\"Entradas de ediadm\" rel=\"author\">ediadm<\/a><\/span><\/span><span class=\"updated rich-snippet-hidden\">2021-10-10T16:13:41-03:00<\/span><div  class=\"fusion-image-wrapper\" aria-haspopup=\"true\">\n\t\t\t\t  <img width=\"1196\" height=\"1201\" src=\"http:\/\/edi.ubiobio.cl\/wp-content\/uploads\/2021\/10\/nono.jpg\" class=\"attachment-full size-full wp-post-image\" alt=\"\" srcset=\"http:\/\/edi.ubiobio.cl\/wp-content\/uploads\/2021\/10\/nono-200x201.jpg 200w, http:\/\/edi.ubiobio.cl\/wp-content\/uploads\/2021\/10\/nono-400x402.jpg 400w, http:\/\/edi.ubiobio.cl\/wp-content\/uploads\/2021\/10\/nono-600x603.jpg 600w, http:\/\/edi.ubiobio.cl\/wp-content\/uploads\/2021\/10\/nono-800x803.jpg 800w, http:\/\/edi.ubiobio.cl\/wp-content\/uploads\/2021\/10\/nono.jpg 1196w\" sizes=\"(min-width: 2200px) 100vw, (min-width: 784px) 386px, (min-width: 712px) 579px, (min-width: 640px) 712px, \" \/><div class=\"fusion-rollover\">\n\t<div class=\"fusion-rollover-content\">\n\n\t\t\t\t\t\t\t\t\t\t\t\t\t\t<a class=\"fusion-rollover-link\" href=\"http:\/\/edi.ubiobio.cl\/?avada_portfolio=honorato-alejandro-merello-papa&portfolioCats=11\">Honorato Alejandro Merello Papa<\/a>\n\t\t\t\n\t\t\t\t\t\t\t\t\n\t\t\n\t\t\t\t\t\t\t\t\n\t\t\t\t\t\t\t\t\n\t\t\n\t\t\t\t\t\t<a class=\"fusion-link-wrapper\" href=\"http:\/\/edi.ubiobio.cl\/?avada_portfolio=honorato-alejandro-merello-papa&portfolioCats=11\" aria-label=\"Honorato Alejandro Merello Papa\"><\/a>\n\t<\/div>\n<\/div>\n<\/div>\n<div class=\"fusion-portfolio-content\"><h2 class=\"entry-title fusion-post-title\"><a href=\"http:\/\/edi.ubiobio.cl\/?avada_portfolio=honorato-alejandro-merello-papa&portfolioCats=11\">Honorato Alejandro Merello Papa<\/a><\/h2><div class=\"fusion-post-content\"><\/div><\/div><\/div><\/article><article id=\"portfolio-1-post-653\" class=\"fusion-portfolio-post egresados fusion-col-spacing post-653\"><div class=\"fusion-portfolio-content-wrapper\" style=\"border:none;\"><span class=\"vcard rich-snippet-hidden\"><span class=\"fn\"><a href=\"http:\/\/edi.ubiobio.cl\/?author=1\" title=\"Entradas de ediadm\" rel=\"author\">ediadm<\/a><\/span><\/span><span class=\"updated rich-snippet-hidden\">2021-10-02T15:58:05-03:00<\/span><div  class=\"fusion-image-wrapper\" aria-haspopup=\"true\">\n\t\t\t\t  <img width=\"766\" height=\"766\" src=\"http:\/\/edi.ubiobio.cl\/wp-content\/uploads\/2021\/10\/PF.jpg\" class=\"attachment-full size-full wp-post-image\" alt=\"\" srcset=\"http:\/\/edi.ubiobio.cl\/wp-content\/uploads\/2021\/10\/PF-200x200.jpg 200w, http:\/\/edi.ubiobio.cl\/wp-content\/uploads\/2021\/10\/PF-400x400.jpg 400w, http:\/\/edi.ubiobio.cl\/wp-content\/uploads\/2021\/10\/PF-600x600.jpg 600w, http:\/\/edi.ubiobio.cl\/wp-content\/uploads\/2021\/10\/PF.jpg 766w\" sizes=\"(min-width: 2200px) 100vw, (min-width: 784px) 386px, (min-width: 712px) 579px, (min-width: 640px) 712px, \" \/><div class=\"fusion-rollover\">\n\t<div class=\"fusion-rollover-content\">\n\n\t\t\t\t\t\t\t\t\t\t\t\t\t\t<a class=\"fusion-rollover-link\" href=\"http:\/\/edi.ubiobio.cl\/?avada_portfolio=pablo-alejandro-fierro-albornoz&portfolioCats=11\">Pablo Alejandro Fierro Albornoz<\/a>\n\t\t\t\n\t\t\t\t\t\t\t\t\n\t\t\n\t\t\t\t\t\t\t\t\n\t\t\t\t\t\t\t\t\n\t\t\n\t\t\t\t\t\t<a class=\"fusion-link-wrapper\" href=\"http:\/\/edi.ubiobio.cl\/?avada_portfolio=pablo-alejandro-fierro-albornoz&portfolioCats=11\" aria-label=\"Pablo Alejandro Fierro Albornoz\"><\/a>\n\t<\/div>\n<\/div>\n<\/div>\n<div class=\"fusion-portfolio-content\"><h2 class=\"entry-title fusion-post-title\"><a href=\"http:\/\/edi.ubiobio.cl\/?avada_portfolio=pablo-alejandro-fierro-albornoz&portfolioCats=11\">Pablo Alejandro Fierro Albornoz<\/a><\/h2><div class=\"fusion-post-content\"><\/div><\/div><\/div><\/article><article id=\"portfolio-1-post-647\" class=\"fusion-portfolio-post egresados fusion-col-spacing post-647\"><div class=\"fusion-portfolio-content-wrapper\" style=\"border:none;\"><span class=\"vcard rich-snippet-hidden\"><span class=\"fn\"><a href=\"http:\/\/edi.ubiobio.cl\/?author=1\" title=\"Entradas de ediadm\" rel=\"author\">ediadm<\/a><\/span><\/span><span class=\"updated rich-snippet-hidden\">2021-10-02T13:04:27-03:00<\/span><div  class=\"fusion-image-wrapper\" aria-haspopup=\"true\">\n\t\t\t\t  <img width=\"640\" height=\"640\" src=\"http:\/\/edi.ubiobio.cl\/wp-content\/uploads\/2021\/10\/DT.jpg\" class=\"attachment-full size-full wp-post-image\" alt=\"\" srcset=\"http:\/\/edi.ubiobio.cl\/wp-content\/uploads\/2021\/10\/DT-200x200.jpg 200w, http:\/\/edi.ubiobio.cl\/wp-content\/uploads\/2021\/10\/DT-400x400.jpg 400w, http:\/\/edi.ubiobio.cl\/wp-content\/uploads\/2021\/10\/DT-600x600.jpg 600w, http:\/\/edi.ubiobio.cl\/wp-content\/uploads\/2021\/10\/DT.jpg 640w\" sizes=\"(min-width: 2200px) 100vw, (min-width: 784px) 386px, (min-width: 712px) 579px, (min-width: 640px) 712px, \" \/><div class=\"fusion-rollover\">\n\t<div class=\"fusion-rollover-content\">\n\n\t\t\t\t\t\t\t\t\t\t\t\t\t\t<a class=\"fusion-rollover-link\" href=\"http:\/\/edi.ubiobio.cl\/?avada_portfolio=daniela-toloza&portfolioCats=11\">Daniela Toloza<\/a>\n\t\t\t\n\t\t\t\t\t\t\t\t\n\t\t\n\t\t\t\t\t\t\t\t\n\t\t\t\t\t\t\t\t\n\t\t\n\t\t\t\t\t\t<a class=\"fusion-link-wrapper\" href=\"http:\/\/edi.ubiobio.cl\/?avada_portfolio=daniela-toloza&portfolioCats=11\" aria-label=\"Daniela Toloza\"><\/a>\n\t<\/div>\n<\/div>\n<\/div>\n<div class=\"fusion-portfolio-content\"><h2 class=\"entry-title fusion-post-title\"><a href=\"http:\/\/edi.ubiobio.cl\/?avada_portfolio=daniela-toloza&portfolioCats=11\">Daniela Toloza<\/a><\/h2><div class=\"fusion-post-content\"><\/div><\/div><\/div><\/article><article id=\"portfolio-1-post-529\" class=\"fusion-portfolio-post egresados fusion-col-spacing post-529\"><div class=\"fusion-portfolio-content-wrapper\" style=\"border:none;\"><span class=\"vcard rich-snippet-hidden\"><span class=\"fn\"><a href=\"http:\/\/edi.ubiobio.cl\/?author=1\" title=\"Entradas de ediadm\" rel=\"author\">ediadm<\/a><\/span><\/span><span class=\"updated rich-snippet-hidden\">2021-10-02T13:07:19-03:00<\/span><div  class=\"fusion-image-wrapper\" aria-haspopup=\"true\">\n\t\t\t\t  <img width=\"2008\" height=\"2015\" src=\"http:\/\/edi.ubiobio.cl\/wp-content\/uploads\/2021\/07\/51332217_10218810654436338_1747218598960562176_n.jpg\" class=\"attachment-full size-full wp-post-image\" alt=\"\" srcset=\"http:\/\/edi.ubiobio.cl\/wp-content\/uploads\/2021\/07\/51332217_10218810654436338_1747218598960562176_n-200x201.jpg 200w, http:\/\/edi.ubiobio.cl\/wp-content\/uploads\/2021\/07\/51332217_10218810654436338_1747218598960562176_n-400x401.jpg 400w, http:\/\/edi.ubiobio.cl\/wp-content\/uploads\/2021\/07\/51332217_10218810654436338_1747218598960562176_n-600x602.jpg 600w, http:\/\/edi.ubiobio.cl\/wp-content\/uploads\/2021\/07\/51332217_10218810654436338_1747218598960562176_n-800x803.jpg 800w, http:\/\/edi.ubiobio.cl\/wp-content\/uploads\/2021\/07\/51332217_10218810654436338_1747218598960562176_n-1200x1204.jpg 1200w, http:\/\/edi.ubiobio.cl\/wp-content\/uploads\/2021\/07\/51332217_10218810654436338_1747218598960562176_n.jpg 2008w\" sizes=\"(min-width: 2200px) 100vw, (min-width: 784px) 386px, (min-width: 712px) 579px, (min-width: 640px) 712px, \" \/><div class=\"fusion-rollover\">\n\t<div class=\"fusion-rollover-content\">\n\n\t\t\t\t\t\t\t\t\t\t\t\t\t\t<a class=\"fusion-rollover-link\" href=\"http:\/\/edi.ubiobio.cl\/?avada_portfolio=evelyn-larraguibel-olguin&portfolioCats=11\">Evelyn Larraguibel Olgu\u00edn<\/a>\n\t\t\t\n\t\t\t\t\t\t\t\t\n\t\t\n\t\t\t\t\t\t\t\t\n\t\t\t\t\t\t\t\t\n\t\t\n\t\t\t\t\t\t<a class=\"fusion-link-wrapper\" href=\"http:\/\/edi.ubiobio.cl\/?avada_portfolio=evelyn-larraguibel-olguin&portfolioCats=11\" aria-label=\"Evelyn Larraguibel Olgu\u00edn\"><\/a>\n\t<\/div>\n<\/div>\n<\/div>\n<div class=\"fusion-portfolio-content\"><h2 class=\"entry-title fusion-post-title\"><a href=\"http:\/\/edi.ubiobio.cl\/?avada_portfolio=evelyn-larraguibel-olguin&portfolioCats=11\">Evelyn Larraguibel Olgu\u00edn<\/a><\/h2><div class=\"fusion-post-content\"><\/div><\/div><\/div><\/article><\/div><\/div><\/div><style type=\"text\/css\">.fusion-body .fusion-builder-column-0{width:100% !important;margin-top : 0px;margin-bottom : 20px;}.fusion-builder-column-0 > .fusion-column-wrapper {padding-top : 0px !important;padding-right : 0px !important;margin-right : 1.92%;padding-bottom : 0px !important;padding-left : 0px !important;margin-left : 1.92%;}@media only screen and (max-width:1024px) {.fusion-body .fusion-builder-column-0{width:100% !important;order : 0;}.fusion-builder-column-0 > .fusion-column-wrapper {margin-right : 1.92%;margin-left : 1.92%;}}@media only screen and (max-width:640px) {.fusion-body .fusion-builder-column-0{width:100% !important;order : 0;}.fusion-builder-column-0 > .fusion-column-wrapper {margin-right : 1.92%;margin-left : 1.92%;}}<\/style><\/div><\/div><style type=\"text\/css\">.fusion-body .fusion-flex-container.fusion-builder-row-1{ padding-top : 0px;margin-top : 0px;padding-right : 0px;padding-bottom : 0px;margin-bottom : 0px;padding-left : 0px;}<\/style><\/div>\n","protected":false},"excerpt":{"rendered":"","protected":false},"author":1,"featured_media":0,"parent":0,"menu_order":0,"comment_status":"closed","ping_status":"closed","template":"","meta":{"spay_email":""},"yoast_head":"<!-- This site is optimized with the Yoast SEO plugin v16.8 - https:\/\/yoast.com\/wordpress\/plugins\/seo\/ -->\n<title>EGRESADOS &bull; Escuela Dise\u00f1o Industrial<\/title>\n<meta name=\"robots\" content=\"index, follow, max-snippet:-1, max-image-preview:large, max-video-preview:-1\" \/>\n<link rel=\"canonical\" href=\"http:\/\/edi.ubiobio.cl\/?page_id=438\" \/>\n<meta property=\"og:locale\" content=\"es_ES\" \/>\n<meta property=\"og:type\" content=\"article\" \/>\n<meta property=\"og:title\" content=\"EGRESADOS &bull; Escuela Dise\u00f1o Industrial\" \/>\n<meta property=\"og:url\" content=\"http:\/\/edi.ubiobio.cl\/?page_id=438\" \/>\n<meta property=\"og:site_name\" content=\"Escuela Dise\u00f1o Industrial\" \/>\n<meta property=\"article:publisher\" content=\"https:\/\/www.facebook.com\/EDI.UBB\" \/>\n<meta property=\"article:modified_time\" content=\"2021-11-04T22:35:08+00:00\" \/>\n<meta name=\"twitter:card\" content=\"summary_large_image\" \/>\n<meta name=\"twitter:label1\" content=\"Tiempo de lectura\" \/>\n\t<meta name=\"twitter:data1\" content=\"2 minutos\" \/>\n<script type=\"application\/ld+json\" class=\"yoast-schema-graph\">{\"@context\":\"https:\/\/schema.org\",\"@graph\":[{\"@type\":\"Organization\",\"@id\":\"https:\/\/edi.ubiobio.cl\/#organization\",\"name\":\"Escuela de Dise\\u00f1o Industrial UBB\",\"url\":\"https:\/\/edi.ubiobio.cl\/\",\"sameAs\":[\"https:\/\/www.facebook.com\/EDI.UBB\",\"https:\/\/www.instagram.com\/disenoindustrialubb\/\",\"https:\/\/www.youtube.com\/channel\/UC7p_ldfiYRE3baHPJ7yLudw\"],\"logo\":{\"@type\":\"ImageObject\",\"@id\":\"https:\/\/edi.ubiobio.cl\/#logo\",\"inLanguage\":\"es\",\"url\":\"http:\/\/edi.ubiobio.cl\/wp-content\/uploads\/2020\/11\/edicolor2b.svg\",\"contentUrl\":\"http:\/\/edi.ubiobio.cl\/wp-content\/uploads\/2020\/11\/edicolor2b.svg\",\"width\":310,\"height\":61,\"caption\":\"Escuela de Dise\\u00f1o Industrial UBB\"},\"image\":{\"@id\":\"https:\/\/edi.ubiobio.cl\/#logo\"}},{\"@type\":\"WebSite\",\"@id\":\"https:\/\/edi.ubiobio.cl\/#website\",\"url\":\"https:\/\/edi.ubiobio.cl\/\",\"name\":\"Escuela Dise\\u00f1o Industrial\",\"description\":\"Universidad del B\\u00edo-B\\u00edo\",\"publisher\":{\"@id\":\"https:\/\/edi.ubiobio.cl\/#organization\"},\"potentialAction\":[{\"@type\":\"SearchAction\",\"target\":{\"@type\":\"EntryPoint\",\"urlTemplate\":\"https:\/\/edi.ubiobio.cl\/?s={search_term_string}\"},\"query-input\":\"required name=search_term_string\"}],\"inLanguage\":\"es\"},{\"@type\":\"WebPage\",\"@id\":\"http:\/\/edi.ubiobio.cl\/?page_id=438#webpage\",\"url\":\"http:\/\/edi.ubiobio.cl\/?page_id=438\",\"name\":\"EGRESADOS &bull; Escuela Dise\\u00f1o Industrial\",\"isPartOf\":{\"@id\":\"https:\/\/edi.ubiobio.cl\/#website\"},\"datePublished\":\"2021-05-21T17:56:12+00:00\",\"dateModified\":\"2021-11-04T22:35:08+00:00\",\"breadcrumb\":{\"@id\":\"http:\/\/edi.ubiobio.cl\/?page_id=438#breadcrumb\"},\"inLanguage\":\"es\",\"potentialAction\":[{\"@type\":\"ReadAction\",\"target\":[\"http:\/\/edi.ubiobio.cl\/?page_id=438\"]}]},{\"@type\":\"BreadcrumbList\",\"@id\":\"http:\/\/edi.ubiobio.cl\/?page_id=438#breadcrumb\",\"itemListElement\":[{\"@type\":\"ListItem\",\"position\":1,\"name\":\"Portada\",\"item\":\"https:\/\/edi.ubiobio.cl\/\"},{\"@type\":\"ListItem\",\"position\":2,\"name\":\"EGRESADOS\"}]}]}<\/script>\n<!-- \/ Yoast SEO plugin. -->","yoast_head_json":{"title":"EGRESADOS &bull; Escuela Dise\u00f1o Industrial","robots":{"index":"index","follow":"follow","max-snippet":"max-snippet:-1","max-image-preview":"max-image-preview:large","max-video-preview":"max-video-preview:-1"},"canonical":"http:\/\/edi.ubiobio.cl\/?page_id=438","og_locale":"es_ES","og_type":"article","og_title":"EGRESADOS &bull; Escuela Dise\u00f1o Industrial","og_url":"http:\/\/edi.ubiobio.cl\/?page_id=438","og_site_name":"Escuela Dise\u00f1o Industrial","article_publisher":"https:\/\/www.facebook.com\/EDI.UBB","article_modified_time":"2021-11-04T22:35:08+00:00","twitter_card":"summary_large_image","twitter_misc":{"Tiempo de lectura":"2 minutos"},"schema":{"@context":"https:\/\/schema.org","@graph":[{"@type":"Organization","@id":"https:\/\/edi.ubiobio.cl\/#organization","name":"Escuela de Dise\u00f1o Industrial UBB","url":"https:\/\/edi.ubiobio.cl\/","sameAs":["https:\/\/www.facebook.com\/EDI.UBB","https:\/\/www.instagram.com\/disenoindustrialubb\/","https:\/\/www.youtube.com\/channel\/UC7p_ldfiYRE3baHPJ7yLudw"],"logo":{"@type":"ImageObject","@id":"https:\/\/edi.ubiobio.cl\/#logo","inLanguage":"es","url":"http:\/\/edi.ubiobio.cl\/wp-content\/uploads\/2020\/11\/edicolor2b.svg","contentUrl":"http:\/\/edi.ubiobio.cl\/wp-content\/uploads\/2020\/11\/edicolor2b.svg","width":310,"height":61,"caption":"Escuela de Dise\u00f1o Industrial UBB"},"image":{"@id":"https:\/\/edi.ubiobio.cl\/#logo"}},{"@type":"WebSite","@id":"https:\/\/edi.ubiobio.cl\/#website","url":"https:\/\/edi.ubiobio.cl\/","name":"Escuela Dise\u00f1o Industrial","description":"Universidad del B\u00edo-B\u00edo","publisher":{"@id":"https:\/\/edi.ubiobio.cl\/#organization"},"potentialAction":[{"@type":"SearchAction","target":{"@type":"EntryPoint","urlTemplate":"https:\/\/edi.ubiobio.cl\/?s={search_term_string}"},"query-input":"required name=search_term_string"}],"inLanguage":"es"},{"@type":"WebPage","@id":"http:\/\/edi.ubiobio.cl\/?page_id=438#webpage","url":"http:\/\/edi.ubiobio.cl\/?page_id=438","name":"EGRESADOS &bull; Escuela Dise\u00f1o Industrial","isPartOf":{"@id":"https:\/\/edi.ubiobio.cl\/#website"},"datePublished":"2021-05-21T17:56:12+00:00","dateModified":"2021-11-04T22:35:08+00:00","breadcrumb":{"@id":"http:\/\/edi.ubiobio.cl\/?page_id=438#breadcrumb"},"inLanguage":"es","potentialAction":[{"@type":"ReadAction","target":["http:\/\/edi.ubiobio.cl\/?page_id=438"]}]},{"@type":"BreadcrumbList","@id":"http:\/\/edi.ubiobio.cl\/?page_id=438#breadcrumb","itemListElement":[{"@type":"ListItem","position":1,"name":"Portada","item":"https:\/\/edi.ubiobio.cl\/"},{"@type":"ListItem","position":2,"name":"EGRESADOS"}]}]}},"jetpack_sharing_enabled":true,"_links":{"self":[{"href":"http:\/\/edi.ubiobio.cl\/index.php?rest_route=\/wp\/v2\/pages\/438"}],"collection":[{"href":"http:\/\/edi.ubiobio.cl\/index.php?rest_route=\/wp\/v2\/pages"}],"about":[{"href":"http:\/\/edi.ubiobio.cl\/index.php?rest_route=\/wp\/v2\/types\/page"}],"author":[{"embeddable":true,"href":"http:\/\/edi.ubiobio.cl\/index.php?rest_route=\/wp\/v2\/users\/1"}],"replies":[{"embeddable":true,"href":"http:\/\/edi.ubiobio.cl\/index.php?rest_route=%2Fwp%2Fv2%2Fcomments&post=438"}],"version-history":[{"count":5,"href":"http:\/\/edi.ubiobio.cl\/index.php?rest_route=\/wp\/v2\/pages\/438\/revisions"}],"predecessor-version":[{"id":733,"href":"http:\/\/edi.ubiobio.cl\/index.php?rest_route=\/wp\/v2\/pages\/438\/revisions\/733"}],"wp:attachment":[{"href":"http:\/\/edi.ubiobio.cl\/index.php?rest_route=%2Fwp%2Fv2%2Fmedia&parent=438"}],"curies":[{"name":"wp","href":"https:\/\/api.w.org\/{rel}","templated":true}]}}